{"id":28,"date":"2018-08-22T18:19:14","date_gmt":"2018-08-22T18:19:14","guid":{"rendered":"http:\/\/skkoprivnice.cz\/?page_id=28"},"modified":"2024-02-12T20:30:03","modified_gmt":"2024-02-12T19:30:03","slug":"archiv-vysledku","status":"publish","type":"page","link":"https:\/\/skkoprivnice.cz\/?page_id=28","title":{"rendered":"V\u00fdsledky z\u00e1vod\u016f 2022"},"content":{"rendered":"<h4><strong>Zimn\u00ed M\u010cR star\u0161\u00edho \u017eactva (2022)<br><\/strong><\/h4>\n<p>O v\u00edkendu 10. \u2013 11. 12. 2022 se konalo Zimn\u00ed Mistrovstv\u00ed \u010cesk\u00e9 republiky star\u0161\u00edho \u017eactva. Z\u00e1vody se uskute\u010dnily zvl\u00e1\u0161\u0165 pro ka\u017ed\u00fd ro\u010dn\u00edk.<\/p>\n<p>Pro ro\u010dn\u00edky 2010 se konaly v&nbsp;Prost\u011bjov\u011b kde se z&nbsp;SK Kop\u0159ivnice nominovali hned \u010dty\u0159i plavci, t\u011bmi byli Karol\u00edna Ka\u0161p\u00e1rkov\u00e1, Jakub Kvita, Michaela Richterov\u00e1 a Ji\u0159\u00ed Z\u00e1topek.<\/p>\n<p>Ro\u010dn\u00edky 2009 m\u011bli sv\u00e9 z\u00e1vody v&nbsp;Trutnov\u011b. Zde se bohu\u017eel \u017e\u00e1dn\u00e9mu kop\u0159ivnick\u00e9mu plavci nepoda\u0159ilo nominovat.<\/p>\n<p>Nejstar\u0161\u00ed \u017e\u00e1kovsk\u00e9 ro\u010dn\u00edky 2008 z\u00e1vodily na baz\u00e9n\u011b v&nbsp;Mlad\u00e9 Boleslavi. Tam kop\u0159ivnick\u00fd klub reprezentovali Michaela Babincov\u00e1, Am\u00e1lie Dvo\u0159\u00e1kov\u00e1 a Samuel Schneiderka.<\/p>\n<p>Nej\u00fasp\u011b\u0161n\u011bj\u0161\u00edm z\u00e1vodn\u00edkem byl Jirka Z\u00e1topek, kter\u00fd p\u0159ivezl \u010dty\u0159i cenn\u00e9 kovy. T\u0159ikr\u00e1t se um\u00edstil na t\u0159et\u00edm m\u00edst\u011b, a to v&nbsp;discipl\u00edn\u00e1ch 400 voln\u00fd zp\u016fsob, 1500 voln\u00fd zp\u016fsob a 200 znak. Sv\u00e9 vystoupen\u00ed zavr\u0161il v&nbsp;z\u00e1vod\u011b 400 polohov\u011b, ze kter\u00e9ho p\u0159ivezl st\u0159\u00edbrnou medaili. Ve sv\u00fdch zb\u00fdvaj\u00edc\u00edch z\u00e1vodech se um\u00edstil v&nbsp;prvn\u00ed p\u011btce! &nbsp;I p\u0159es to, \u017ee se o Jirku p\u0159ed z\u00e1vody pokou\u0161ela n\u011bjak\u00e1 vir\u00f3za, dok\u00e1zal zaplavat t\u0159i osobn\u00ed rekordy a ostatn\u00ed \u010dasy na jejich \u00farovni.<\/p>\n<p>Ve vysok\u00e9 konkurenci p\u011bkn\u00fdch um\u00edst\u011bn\u00ed dos\u00e1hli i dal\u0161\u00ed plavci z&nbsp;ro\u010dn\u00edku 2010. Kuba Kvita se um\u00edstil nejl\u00e9pe na 8. m\u00edst\u011b, K\u00e1ja Ka\u0161p\u00e1rkov\u00e1 skon\u010dila nejl\u00e9pe 20. a M\u00ed\u0161a Richterov\u00e1 vybojovala kr\u00e1sn\u00e9 13. m\u00edsto.<\/p>\n<p>D\u00edky \u00fa\u010dasti dvou chlapc\u016f a dvou d\u00edvek mohl klub sestavit ve vysok\u00e9 konkurenci sm\u00ed\u0161enou \u0161tafetu na 4&#215;50 VZ, kter\u00e1 se um\u00edstila na kr\u00e1sn\u00e9m 5. m\u00edst\u011b.<\/p>\n<p>V&nbsp;ro\u010dn\u00edku 2008 nejl\u00e9pe dopadl Sam Schneiderka v&nbsp;discipl\u00edn\u011b 200 znak na 5. m\u00edst\u011b a na 100 znak, kde se um\u00edstil \u0161est\u00fd.<\/p>\n<p>Am\u010da Dvo\u0159\u00e1kov\u00e1 si nejl\u00e9pe vybojovala 12. m\u00edsto a M\u00ed\u0161a Babincov\u00e1 skon\u010dila 24.<\/p>\n<p>Gratulujme k dosa\u017een\u00fdm v\u00fdsledk\u016fm a d\u011bkujeme za vzornou reprezentaci klubu a m\u011bsta v siln\u00e9 republikov\u00e9 konkurenci.<\/p>\n<p>V\u00fdsledky: <a href=\"https:\/\/skkoprivnice.cz\/wp-content\/uploads\/2022\/12\/vysledky-MCR-2010.pdf\">v\u00fdsledky M\u010cR 2010<\/a><\/p>\n<p>&nbsp;&nbsp;&nbsp;&nbsp;&nbsp;&nbsp;&nbsp;&nbsp;&nbsp;&nbsp;&nbsp;&nbsp;&nbsp; &nbsp;&nbsp; <a href=\"https:\/\/skkoprivnice.cz\/wp-content\/uploads\/2022\/12\/vysledky-MCR-2008.pdf\">v\u00fdsledky M\u010cR 2008<\/a><\/p>\n<p><img loading=\"lazy\" class=\"aligncenter size-full wp-image-1592\" src=\"https:\/\/skkoprivnice.cz\/wp-content\/uploads\/2022\/12\/bea37d0f-c781-4fec-be35-6681d866205f.jpg\" alt=\"\" width=\"1201\" height=\"1600\" srcset=\"https:\/\/skkoprivnice.cz\/wp-content\/uploads\/2022\/12\/bea37d0f-c781-4fec-be35-6681d866205f.jpg 1201w, https:\/\/skkoprivnice.cz\/wp-content\/uploads\/2022\/12\/bea37d0f-c781-4fec-be35-6681d866205f-225x300.jpg 225w, https:\/\/skkoprivnice.cz\/wp-content\/uploads\/2022\/12\/bea37d0f-c781-4fec-be35-6681d866205f-769x1024.jpg 769w, https:\/\/skkoprivnice.cz\/wp-content\/uploads\/2022\/12\/bea37d0f-c781-4fec-be35-6681d866205f-768x1023.jpg 768w, https:\/\/skkoprivnice.cz\/wp-content\/uploads\/2022\/12\/bea37d0f-c781-4fec-be35-6681d866205f-1153x1536.jpg 1153w\" sizes=\"(max-width: 1201px) 100vw, 1201px\" \/><\/p>\n<p><\/p>\n<h4><strong>Zimn\u00ed poh\u00e1r \u010cR desetilet\u00fdch a jeden\u00e1ctilet\u00fdch &#8211; Morava (2022)<br><\/strong><\/h4>\n<p>O v\u00edkendu 3. &#8211; 4.12.2022 se uskute\u010dnily moravsk\u00e9 poh\u00e1ry desetilet\u00e9ho a jeden\u00e1ctilet\u00e9ho \u017eactva. Z na\u0161eho klubu se v Hav\u00ed\u0159ov\u011b p\u0159edstavili dva plavci, a to Ond\u0159ej Galia a Nikol Vy\u0161kovsk\u00e1 (ro\u010dn\u00edk narozen\u00ed 2012). Z\u00e1rove\u0148 v Prost\u011bjov\u011b, na poh\u00e1ru jeden\u00e1ctilet\u00fdch \u017e\u00e1k\u016f, si zaplaval pouze Radim Lacina.<\/p>\n<p>V Hav\u00ed\u0159ov\u011b si nejlep\u0161\u00ed um\u00edst\u011bn\u00ed na\u0161ich vybojovala Nikol Vy\u0161kovsk\u00e1, kter\u00e1 skon\u010dila na \u0161est\u00e9m m\u00edst\u011b na 100 voln\u00fd zp\u016fsob. Ond\u0159ej Galia p\u0159edvedl tak\u00e9 skv\u011bl\u00e9 v\u00fdkony a ve v\u0161ech sv\u00fdch startech se um\u00edstil v prvn\u00ed des\u00edtce. Oba dva si odv\u00e1\u017e\u00ed kr\u00e1sn\u00e9 osobn\u00ed rekordy a cenn\u00e9 zku\u0161enosti do dal\u0161\u00edch let.<\/p>\n<p>Na prost\u011bjovsk\u00e9m baz\u00e9n\u011b reprezentoval klub ji\u017e zm\u00edn\u011bn\u00fd Radim Lacina, kter\u00fd si na 400 voln\u00fd zp\u016fsob vyplaval kr\u00e1sn\u00e9 \u0161estn\u00e1ct\u00e9 m\u00edsto.<\/p>\n<p>V\u0161em reprezentant\u016fm blahop\u0159ejeme ke kr\u00e1sn\u00fdm osobn\u00edm rekord\u016fm!<\/p>\n<p>V\u00fdsledky na\u0161ich plavc\u016f: <a href=\"https:\/\/skkoprivnice.cz\/wp-content\/uploads\/2022\/12\/vysledky-Pohar-desetileti-Kopr.pdf\">v\u00fdsledky Poh\u00e1r desetilet\u00ed (Kopr)<\/a><\/p>\n<p>&nbsp;&nbsp;&nbsp;&nbsp;&nbsp;&nbsp;&nbsp;&nbsp;&nbsp;&nbsp;&nbsp;&nbsp;&nbsp;&nbsp;&nbsp;&nbsp;&nbsp;&nbsp;&nbsp;&nbsp;&nbsp;&nbsp;&nbsp;&nbsp;&nbsp;&nbsp;&nbsp;&nbsp;&nbsp;&nbsp;&nbsp;&nbsp;&nbsp;&nbsp;&nbsp;&nbsp;&nbsp;&nbsp;&nbsp;&nbsp;&nbsp; <a href=\"https:\/\/skkoprivnice.cz\/wp-content\/uploads\/2022\/12\/vysledky-Pohar-jedenactileti-Kopr.pdf\">v\u00fdsledky Poh\u00e1r jeden\u00e1ctilet\u00ed (Kopr)<\/a><\/p>\n<p><img loading=\"lazy\" class=\"aligncenter size-full wp-image-1564\" src=\"https:\/\/skkoprivnice.cz\/wp-content\/uploads\/2022\/12\/441cd117-d5cd-4083-8cb4-81e0a9406a00.jpg\" alt=\"\" width=\"2016\" height=\"1512\" srcset=\"https:\/\/skkoprivnice.cz\/wp-content\/uploads\/2022\/12\/441cd117-d5cd-4083-8cb4-81e0a9406a00.jpg 2016w, https:\/\/skkoprivnice.cz\/wp-content\/uploads\/2022\/12\/441cd117-d5cd-4083-8cb4-81e0a9406a00-300x225.jpg 300w, https:\/\/skkoprivnice.cz\/wp-content\/uploads\/2022\/12\/441cd117-d5cd-4083-8cb4-81e0a9406a00-1024x768.jpg 1024w, https:\/\/skkoprivnice.cz\/wp-content\/uploads\/2022\/12\/441cd117-d5cd-4083-8cb4-81e0a9406a00-768x576.jpg 768w, https:\/\/skkoprivnice.cz\/wp-content\/uploads\/2022\/12\/441cd117-d5cd-4083-8cb4-81e0a9406a00-1536x1152.jpg 1536w\" sizes=\"(max-width: 2016px) 100vw, 2016px\" \/><\/p>\n<p><\/p>\n\n\n<p><\/p>\n\n\n\n<h2><strong>Zimn\u00ed mistrovstv\u00ed \u010cesk\u00e9 republiky<\/strong> <strong>(2022)<\/strong><\/h2>\n\n\n\n<p>Ve \u010dtvrtek 24. listopadu bylo zah\u00e1jeno Zimn\u00ed M\u010cR dosp\u011bl\u00fdch a junior\u016f v Plzni.<\/p>\n\n\n\n<p>Z na\u0161eho klubu se dok\u00e1zala nominovat pouze jedna z\u00e1vodnice \u0160\u00e1rka Jadrn\u00ed\u010dkov\u00e1 v kategorii mlad\u0161\u00edch juniorek. Mimo jej\u00ed hlavn\u00ed znakov\u00e9 discipl\u00edny 200, 100 a 50 se j\u00ed nakonec poda\u0159ilo proklouznout z posledn\u00edho nomina\u010dn\u00edho m\u00edsta i v discipl\u00edn\u011b 200 prsa.<\/p>\n\n\n\n<p>Paradoxn\u011b v dopl\u0148kov\u00e9 trati 200 prsa si \u0160\u00e1rka dok\u00e1zala vylep\u0161it sv\u00e9 sez\u00f3nn\u00ed maximum. C\u00edlem sez\u00f3ny bylo zopakov\u00e1n\u00ed \u00fa\u010dasti na mistrovstv\u00ed \u010cR, co\u017e se poda\u0159ilo. \u010casy zaplavan\u00e9 na znakov\u00fdch distanc\u00edch 100 a 200 byly cca jednu vte\u0159inu za osobn\u00edmi rekordy. Toto lze p\u0159i\u010d\u00edst z v\u011bt\u0161\u00ed \u010d\u00e1sti nervozit\u011b a svou roli sehr\u00e1l i nestoprocentn\u00ed zdravotn\u00ed stav.<\/p>\n\n\n\n<p>V\u00fdsledky: <a href=\"http:\/\/v\u00fdsledky M\u010cR\">http:\/\/v\u00fdsledky M\u010cR<\/a><\/p>\n\n\n<p><img loading=\"lazy\" class=\"aligncenter size-full wp-image-1556\" src=\"https:\/\/skkoprivnice.cz\/wp-content\/uploads\/2022\/11\/IMG-3200-scaled.jpg\" alt=\"\" width=\"2560\" height=\"1920\" srcset=\"https:\/\/skkoprivnice.cz\/wp-content\/uploads\/2022\/11\/IMG-3200-scaled.jpg 2560w, https:\/\/skkoprivnice.cz\/wp-content\/uploads\/2022\/11\/IMG-3200-300x225.jpg 300w, https:\/\/skkoprivnice.cz\/wp-content\/uploads\/2022\/11\/IMG-3200-1024x768.jpg 1024w, https:\/\/skkoprivnice.cz\/wp-content\/uploads\/2022\/11\/IMG-3200-768x576.jpg 768w, https:\/\/skkoprivnice.cz\/wp-content\/uploads\/2022\/11\/IMG-3200-1536x1152.jpg 1536w, https:\/\/skkoprivnice.cz\/wp-content\/uploads\/2022\/11\/IMG-3200-2048x1536.jpg 2048w\" sizes=\"(max-width: 2560px) 100vw, 2560px\" \/><\/p>\n<h4><strong>Krajsk\u00fd p\u0159ebor MSK &#8211; star\u0161\u00ed \u017eactvo<\/strong><\/h4>\n<p>Dne 18. a 19. 11. 2022 se na\u0161i plavci ro\u010dn\u00edku narozen\u00ed 2008 \u2013 2010 z\u00fa\u010dastnili Krajsk\u00e9ho p\u0159eboru star\u0161\u00edho \u017eactva. Klub reprezentovalo hned patn\u00e1ct plavc\u016f, n\u011bkte\u0159\u00ed z nich si vybojovali i medailov\u00e1 um\u00edst\u011bn\u00ed. Plavci bojovali hlavn\u011b o nominace na Mistrovstv\u00ed \u010cesk\u00e9 republiky a v\u011bt\u0161ina z nich si zaplavala kr\u00e1sn\u00e9 osobn\u00ed rekordy. V\u011b\u0159\u00edme, \u017ee se v co nejvy\u0161\u0161\u00edm po\u010dtu nominuj\u00ed na M\u010cR, kter\u00e9 se budou konat v term\u00ednu od 10. \u2013 11. 12. 2022.<\/p>\n<p>Celkov\u00e9 v\u00fdsledky: <a href=\"https:\/\/vysledky.czechswimming.cz\/souteze\/7334\">https:\/\/vysledky.czechswimming.cz\/souteze\/7334<\/a><\/p>\n<p>V\u00fdsledky na\u0161ich plavc\u016f: <a href=\"https:\/\/skkoprivnice.cz\/wp-content\/uploads\/2022\/11\/vysledky-KPZ-starsi-Kopr.pdf\">v\u00fdsledky KP\u017d &#8211; star\u0161\u00ed (Kopr)<\/a><\/p>\n<p>Fotky: <a href=\"https:\/\/skkoprivnice1.rajce.idnes.cz\/KPZ_-_starsi_zactvo\/\">https:\/\/skkoprivnice1.rajce.idnes.cz\/KPZ_-_starsi_zactvo\/<\/a><\/p>\n<p><img loading=\"lazy\" class=\"wp-image-1520 alignnone\" src=\"https:\/\/skkoprivnice.cz\/wp-content\/uploads\/2022\/11\/225fe773-a88f-49ac-9500-609e9e26160b.jpg\" alt=\"\" width=\"552\" height=\"414\" srcset=\"https:\/\/skkoprivnice.cz\/wp-content\/uploads\/2022\/11\/225fe773-a88f-49ac-9500-609e9e26160b.jpg 1600w, https:\/\/skkoprivnice.cz\/wp-content\/uploads\/2022\/11\/225fe773-a88f-49ac-9500-609e9e26160b-300x225.jpg 300w, https:\/\/skkoprivnice.cz\/wp-content\/uploads\/2022\/11\/225fe773-a88f-49ac-9500-609e9e26160b-1024x768.jpg 1024w, https:\/\/skkoprivnice.cz\/wp-content\/uploads\/2022\/11\/225fe773-a88f-49ac-9500-609e9e26160b-768x576.jpg 768w, https:\/\/skkoprivnice.cz\/wp-content\/uploads\/2022\/11\/225fe773-a88f-49ac-9500-609e9e26160b-1536x1152.jpg 1536w\" sizes=\"(max-width: 552px) 100vw, 552px\" \/><img loading=\"lazy\" class=\"wp-image-1522 alignnone\" src=\"https:\/\/skkoprivnice.cz\/wp-content\/uploads\/2022\/11\/843cf488-1327-4737-b365-142c188a0c581.jpg\" alt=\"\" width=\"552\" height=\"414\" srcset=\"https:\/\/skkoprivnice.cz\/wp-content\/uploads\/2022\/11\/843cf488-1327-4737-b365-142c188a0c581.jpg 1533w, https:\/\/skkoprivnice.cz\/wp-content\/uploads\/2022\/11\/843cf488-1327-4737-b365-142c188a0c581-300x225.jpg 300w, https:\/\/skkoprivnice.cz\/wp-content\/uploads\/2022\/11\/843cf488-1327-4737-b365-142c188a0c581-1024x768.jpg 1024w, https:\/\/skkoprivnice.cz\/wp-content\/uploads\/2022\/11\/843cf488-1327-4737-b365-142c188a0c581-768x576.jpg 768w\" sizes=\"(max-width: 552px) 100vw, 552px\" \/><\/p>\n<h4>&nbsp;<\/h4>\n<h4><strong>Velk\u00e1 cena Brna (12.11. &#8211; 13.11. 2022)<\/strong><\/h4>\n<p>Posledn\u00ed zast\u00e1vkou v&nbsp;p\u0159\u00edprav\u011b p\u0159ed vrcholem sez\u00f3ny pro na\u0161e d\u011bv\u010data v&nbsp;juniorsk\u00fdch kategori\u00edch, kter\u00fdm je Zimn\u00ed mistrovstv\u00ed \u010cR, byla Velk\u00e1 cena Brna. Na tyto z\u00e1vody se kvalifikovaly \u0160\u00e1rka Jadrn\u00ed\u010dkov\u00e1, Ad\u00e9la Ka\u0161p\u00e1rkov\u00e1 a Vendula Schwarzov\u00e1. Posledn\u00ed ov\u011b\u0159en\u00ed formy p\u0159ineslo pozitivn\u00ed v\u00fdsledky. D\u011bv\u010data prolomila osobn\u00ed rekordy nebo plavala na jejich \u00farovni. Te\u010f zb\u00fdv\u00e1 jen doufat, \u017ee se poda\u0159\u00ed s&nbsp;dosa\u017een\u00fdmi \u010dasy probojovat na Zimn\u00ed M\u010cR 2022 v&nbsp;Plzni mezi nejv\u011bt\u0161\u00ed republikovou konkurenci.<\/p>\n<p>Celkov\u00e9 v\u00fdsledky: <a href=\"https:\/\/vysledky.czechswimming.cz\/souteze\/7279\">https:\/\/vysledky.czechswimming.cz\/souteze\/7279<\/a><\/p>\n<p>V\u00fdsledky na\u0161ich plavc\u016f: <a href=\"https:\/\/skkoprivnice.cz\/wp-content\/uploads\/2022\/11\/vysledky-VC-Brna-Kopr.pdf\">v\u00fdsledky VC Brna (Kopr)<\/a><\/p>\n<p><img loading=\"lazy\" class=\"aligncenter size-full wp-image-1545\" src=\"https:\/\/skkoprivnice.cz\/wp-content\/uploads\/2022\/11\/IMG_2854-scaled.jpeg\" alt=\"\" width=\"2560\" height=\"1921\" srcset=\"https:\/\/skkoprivnice.cz\/wp-content\/uploads\/2022\/11\/IMG_2854-scaled.jpeg 2560w, https:\/\/skkoprivnice.cz\/wp-content\/uploads\/2022\/11\/IMG_2854-300x225.jpeg 300w, https:\/\/skkoprivnice.cz\/wp-content\/uploads\/2022\/11\/IMG_2854-1024x768.jpeg 1024w, https:\/\/skkoprivnice.cz\/wp-content\/uploads\/2022\/11\/IMG_2854-768x576.jpeg 768w, https:\/\/skkoprivnice.cz\/wp-content\/uploads\/2022\/11\/IMG_2854-1536x1153.jpeg 1536w, https:\/\/skkoprivnice.cz\/wp-content\/uploads\/2022\/11\/IMG_2854-2048x1537.jpeg 2048w\" sizes=\"(max-width: 2560px) 100vw, 2560px\" \/><\/p>\n<h4>&nbsp;<\/h4>\n<h4><strong>Krajsk\u00fd p\u0159ebor MSK &#8211; mlad\u0161\u00ed \u017eactvo<\/strong><\/h4>\n<p>V sobotu 12. 11. 2022 se v Kop\u0159ivnici uskute\u010dnily Krajsk\u00e9 p\u0159ebory mlad\u0161\u00edho \u017eactva pro ro\u010dn\u00edky narozen\u00ed 2011 \u2013 2013. N\u00e1\u0161 klub reprezentovalo sedm plavc\u016f, kter\u00fdmi byli Ond\u0159ej Galia, Zoe Han\u00e1\u010dkov\u00e1, Radim Lacina, Terezie Matzke, Zuzana M\u011bh\u00fd\u0161ov\u00e1, Jaroslav R\u016f\u017ei\u010dka a Nikol Vy\u0161kovsk\u00e1. Pro mnoh\u00e9 byly tyto z\u00e1vody v\u016fbec prvn\u00edmi. V\u0161ichni kr\u00e1sn\u011b plavali a bravurn\u011b zvl\u00e1dli nervozitu a nap\u011bt\u00ed p\u0159ed sv\u00fdmi prvn\u00edmi starty. Ze z\u00e1vod\u016f si odvezli p\u011bkn\u00e9 \u010dasy, ale hlavn\u011b skv\u011bl\u00e9 a cenn\u00e9 zku\u0161enosti.<\/p>\n<p>U\u017e se na v\u00e1s t\u011b\u0161\u00edme na dal\u0161\u00edch z\u00e1vodech!<\/p>\n<p>V\u00fdsledky: <a href=\"https:\/\/vysledky.czechswimming.cz\/souteze\/7333\">https:\/\/vysledky.czechswimming.cz\/souteze\/7333<\/a><\/p>\n<p>V\u00fdsledky na\u0161ich plavc\u016f: <a href=\"https:\/\/skkoprivnice.cz\/wp-content\/uploads\/2022\/11\/vysledky-KPZ-mladsi-Kopr.pdf\">v\u00fdsledky KP\u017d &#8211; mlad\u0161\u00ed (Kopr)<\/a><\/p>\n<p>Fotky najdete na tomto odkazu: <a href=\"https:\/\/skkoprivnice1.rajce.idnes.cz\/KPZ_-_mladsi_zactvo\/\">https:\/\/skkoprivnice1.rajce.idnes.cz\/KPZ_-_mladsi_zactvo\/<\/a><\/p>\n<h4><strong>Axis Cup 2022<\/strong><\/h4>\n<p>Jen t\u00fdden po&nbsp;Nov\u00e9m Ji\u010d\u00edn\u011b o&nbsp;prvn\u00edm listopadov\u00e9m v\u00edkendu, se&nbsp;vydala p\u011btice kop\u0159ivnick\u00fdch plavc\u016f tentokr\u00e1t do&nbsp;Jihlavy na&nbsp;6. kolo \u010cesk\u00e9ho poh\u00e1ru Arena Cup 2022, a&nbsp;to konkr\u00e9tn\u011b Am\u00e1lie Dvo\u0159\u00e1kov\u00e1, \u0160\u00e1rka Jadrn\u00ed\u010dkov\u00e1, Ad\u00e9la Ka\u0161p\u00e1rkov\u00e1, Samuel Schneiderka a Vendula Schwarzov\u00e1. V siln\u00e9 konkurenci to&nbsp;tady na&nbsp;medailov\u00e1 um\u00edst\u011bn\u00ed sice nevy\u0161lo, ale&nbsp;z\u00e1vody n\u00e1m ov\u011b\u0159ily aktu\u00e1ln\u00ed formu plavc\u016f a uk\u00e1zaly n\u00e1m cestu, jak d\u00e1le pokra\u010dovat v&nbsp;p\u0159\u00edprav\u011b na bl\u00ed\u017e\u00edc\u00ed se z\u00e1v\u011br sez\u00f3ny. I p\u0159es to si n\u011bkter\u00e1 d\u011bv\u010data vybojovala postup do fin\u00e1lov\u00fdch z\u00e1vod\u016f.<\/p>\n<p>Celkov\u00e9 v\u00fdsledky: <a href=\"https:\/\/vysledky.czechswimming.cz\/souteze\/6988\">https:\/\/vysledky.czechswimming.cz\/souteze\/6988<\/a><\/p>\n<p>V\u00fdsledky na\u0161ich plavc\u016f: <a href=\"https:\/\/skkoprivnice.cz\/wp-content\/uploads\/2022\/11\/vysledky-Axis-CUP-Kopr.pdf\">v\u00fdsledky Axis CUP (Kopr)<\/a><\/p>\n<p><img loading=\"lazy\" class=\"aligncenter size-full wp-image-1539\" src=\"https:\/\/skkoprivnice.cz\/wp-content\/uploads\/2022\/11\/IMG_2726-scaled.jpeg\" alt=\"\" width=\"2560\" height=\"1920\" srcset=\"https:\/\/skkoprivnice.cz\/wp-content\/uploads\/2022\/11\/IMG_2726-scaled.jpeg 2560w, https:\/\/skkoprivnice.cz\/wp-content\/uploads\/2022\/11\/IMG_2726-300x225.jpeg 300w, https:\/\/skkoprivnice.cz\/wp-content\/uploads\/2022\/11\/IMG_2726-1024x768.jpeg 1024w, https:\/\/skkoprivnice.cz\/wp-content\/uploads\/2022\/11\/IMG_2726-768x576.jpeg 768w, https:\/\/skkoprivnice.cz\/wp-content\/uploads\/2022\/11\/IMG_2726-1536x1152.jpeg 1536w, https:\/\/skkoprivnice.cz\/wp-content\/uploads\/2022\/11\/IMG_2726-2048x1536.jpeg 2048w\" sizes=\"(max-width: 2560px) 100vw, 2560px\" \/><\/p>\n<h4>&nbsp;<\/h4>\n<h4><strong>45. ro\u010dn\u00edk Mal\u00e9 ceny Nov\u00e9ho Ji\u010d\u00edna a 31. ro\u010dn\u00edk Ceny Moravsk\u00e9 br\u00e1ny<\/strong><\/h4>\n<p>Na koci \u0159\u00edjna 29.10. \u2013 30.10. 2022 se uskute\u010dnily dal\u0161\u00ed z\u00e1vody, tentokr\u00e1t v&nbsp;Nov\u00e9m Ji\u010d\u00edn\u011b. T\u011bchto z\u00e1vod\u016f se SK Kop\u0159ivnice ka\u017edoro\u010dn\u011b \u00fa\u010dastn\u00ed a velmi \u010dasto se skv\u011bl\u00fdmi v\u00fdsledky, takto tomu bylo i letos. Ve vysok\u00e9 konkurenci si z&nbsp;klubu zaplavalo hned \u0161estn\u00e1ct plavc\u016f, kte\u0159\u00ed si odvezli skv\u011bl\u00e9 \u010dasy, kr\u00e1sn\u00e1 um\u00edst\u011bn\u00ed a hlavn\u011b super z\u00e1\u017eitky.<\/p>\n<p>Z&nbsp;\u017e\u00e1k\u016f se nejl\u00e9pe vedlo Samuelu Schneiderkovi, kter\u00fd si na sv\u00fdch dominantn\u00edch trat\u00edch vybojoval dvakr\u00e1t prvn\u00ed a jedenkr\u00e1t druh\u00e9 m\u00edsto, ke kter\u00fdm je\u0161t\u011b p\u0159idal jedno druh\u00e9 a jedno t\u0159et\u00ed m\u00edsto. T\u0159et\u00ed p\u0159\u00ed\u010dku vybojovala tak\u00e9 Am\u00e1lie Dvo\u0159\u00e1kov\u00e1.<\/p>\n<p>V&nbsp;kategorii juniorek si vyplavala prvn\u00ed m\u00edsto Barbora Jal\u016fvkov\u00e1. Druh\u00e9 m\u00edsto p\u0159idala \u0160\u00e1rka Jadrn\u00ed\u010dkov\u00e1 na sv\u00e9 dominantn\u00ed trati a bronz vybojovala Ad\u00e9la Ka\u0161p\u00e1rkov\u00e1.<\/p>\n<p>Na\u0161im plavc\u016fm se poda\u0159ilo sklidit slu\u0161nou \u00farodu brambor. P\u0159ivezli hned dev\u011bt \u010dtvrt\u00fdch m\u00edst!<\/p>\n<p>Odkaz na v\u00fdsledky: <a href=\"https:\/\/vysledky.czechswimming.cz\/souteze\/7609\">https:\/\/vysledky.czechswimming.cz\/souteze\/7609<\/a><\/p>\n<p>V\u00fdsledky na\u0161ich plavc\u016f: <a href=\"https:\/\/skkoprivnice.cz\/wp-content\/uploads\/2022\/11\/vysledky-MCNJ-Kopr.pdf\">v\u00fdsledky MCNJ (Kopr)<\/a><\/p>\n<p><img loading=\"lazy\" class=\"aligncenter size-full wp-image-1534\" src=\"https:\/\/skkoprivnice.cz\/wp-content\/uploads\/2022\/11\/IMG_2524-scaled.jpeg\" alt=\"\" width=\"2560\" height=\"1920\" srcset=\"https:\/\/skkoprivnice.cz\/wp-content\/uploads\/2022\/11\/IMG_2524-scaled.jpeg 2560w, https:\/\/skkoprivnice.cz\/wp-content\/uploads\/2022\/11\/IMG_2524-300x225.jpeg 300w, https:\/\/skkoprivnice.cz\/wp-content\/uploads\/2022\/11\/IMG_2524-1024x768.jpeg 1024w, https:\/\/skkoprivnice.cz\/wp-content\/uploads\/2022\/11\/IMG_2524-768x576.jpeg 768w, https:\/\/skkoprivnice.cz\/wp-content\/uploads\/2022\/11\/IMG_2524-1536x1152.jpeg 1536w, https:\/\/skkoprivnice.cz\/wp-content\/uploads\/2022\/11\/IMG_2524-2048x1536.jpeg 2048w\" sizes=\"(max-width: 2560px) 100vw, 2560px\" \/><\/p>\n<h4><strong>Plze\u0148sk\u00e9 sprinty 2022<\/strong><\/h4>\n<p>Plze\u0148sk\u00e9 sprinty byly dal\u0161\u00ed zast\u00e1vkou \u010cesk\u00e9ho poh\u00e1ru. Z&nbsp;Kop\u0159ivnice se z\u00fa\u010dastnily \u010dty\u0159i juniorky, kter\u00fdmi byly \u0160\u00e1rka Jadrn\u00ed\u010dkov\u00e1, Barbora Jal\u016fvkov\u00e1, Ad\u00e9la Ka\u0161p\u00e1rkov\u00e1 a Vendula Schwarzov\u00e1. Pro n\u011bkter\u00e9 z&nbsp;nich to byly prvn\u00ed z\u00e1vody v&nbsp;leto\u0161n\u00ed zimn\u00ed sez\u00f3n\u011b a prvn\u00ed mo\u017enost zaplavat tak kvalitn\u00ed kvalifika\u010dn\u00ed \u010dasy a prov\u011b\u0159it formu p\u0159ed nadch\u00e1zej\u00edc\u00edm Zimn\u00edm mistrovstv\u00edm \u010cR.<\/p>\n<p>N\u011bkter\u00e1 d\u011bv\u010data zaplavala sv\u00e1 osobn\u00ed maxima. V\u011bt\u0161ina p\u0159ihl\u00e1\u0161en\u00fdch start\u016f se d\u011bv\u010dat\u016fm povedla zaplavat v&nbsp;o\u010dek\u00e1van\u00fdch \u010dasech na \u00farovni osobn\u00edch rekord\u016f a potvrdit tak tren\u00e9r\u016fm formu a nastaven\u00fd pl\u00e1n p\u0159\u00edpravy na M\u010cR.<\/p>\n<p>Odkaz na v\u00fdsledky: <a href=\"https:\/\/vysledky.czechswimming.cz\/souteze\/6987\">https:\/\/vysledky.czechswimming.cz\/souteze\/6987<\/a><\/p>\n<p>V\u00fdsledky na\u0161ich plavc\u016f: <a href=\"https:\/\/skkoprivnice.cz\/wp-content\/uploads\/2022\/11\/vysledky-Plzenske-sprinty-Kopr.pdf\">v\u00fdsledky Plze\u0148sk\u00e9 sprinty (Kopr)<\/a><\/p>\n<p><img loading=\"lazy\" class=\"aligncenter size-full wp-image-1530\" src=\"https:\/\/skkoprivnice.cz\/wp-content\/uploads\/2022\/11\/IMG_2244-scaled.jpeg\" alt=\"\" width=\"2560\" height=\"1921\" srcset=\"https:\/\/skkoprivnice.cz\/wp-content\/uploads\/2022\/11\/IMG_2244-scaled.jpeg 2560w, https:\/\/skkoprivnice.cz\/wp-content\/uploads\/2022\/11\/IMG_2244-300x225.jpeg 300w, https:\/\/skkoprivnice.cz\/wp-content\/uploads\/2022\/11\/IMG_2244-1024x768.jpeg 1024w, https:\/\/skkoprivnice.cz\/wp-content\/uploads\/2022\/11\/IMG_2244-768x576.jpeg 768w, https:\/\/skkoprivnice.cz\/wp-content\/uploads\/2022\/11\/IMG_2244-1536x1153.jpeg 1536w, https:\/\/skkoprivnice.cz\/wp-content\/uploads\/2022\/11\/IMG_2244-2048x1537.jpeg 2048w\" sizes=\"(max-width: 2560px) 100vw, 2560px\" \/><\/p>\n<h4>&nbsp;<\/h4>\n<h4><strong>Velk\u00e1 cena Kop\u0159ivnice 27. ro\u010dn\u00edk (30.9.-1.10.2022)<\/strong><\/h4>\n<p>Dom\u00e1c\u00ed z\u00e1vody p\u0159inesly na\u0161im plavc\u016fm cenn\u00e9 v\u00fdsledky. Z klubu si zaplavalo celkem 21 plavc\u016f v nabit\u00e9 konkurenci. Spousta d\u011bt\u00ed si odvezla medaile a super z\u00e1\u017eitky. Na Velk\u00e9 cen\u011b Kop\u0159ivnice se ka\u017ed\u00fdm rokem hodnot\u00ed i po\u0159ad\u00ed nejlep\u0161\u00edch bodovan\u00fdch v\u00fdkon\u016f. Letos se povedlo dostat na stupn\u011b v\u00edt\u011bz\u016f hned \u010dty\u0159em na\u0161im plavc\u016fm!<\/p>\n<p>Z ro\u010dn\u00edku 2006 se na druh\u00e9m m\u00edst\u011b um\u00edstila Vendula Schwarzov\u00e1 s po\u010dtem 522 z\u00edskan\u00fdch FINA bod\u016f. Z&nbsp;ro\u010dn\u00edku 2010 se tak\u00e9 na druh\u00e9m m\u00edst\u011b um\u00edstila Michaela Richterov\u00e1 s&nbsp;po\u010dtem 396 FINA bod\u016f. Tentokr\u00e1t v&nbsp;chlapeck\u00e9 kategorii z&nbsp;ro\u010dn\u00edku 2010 se op\u011bt na druh\u00e9m m\u00edst\u011b um\u00edstil Ji\u0159\u00ed Z\u00e1topek s po\u010dtem 381 FINA bod\u016f. A posledn\u00edm, kdo se um\u00edstil v&nbsp;hodnocen\u00ed nejlep\u0161\u00edch bodovan\u00fdch v\u00fdkon\u016f, byl Ond\u0159ej Galia s&nbsp;po\u010dtem 162 FINA bod\u016f. Tento v\u00fdkon mu zajistil d\u011blen\u00e9 druh\u00e9 m\u00edsto.<\/p>\n<p>Celkov\u00e9 v\u00fdsledky v\u0161ech plavc\u016f naleznete zde: <a href=\"https:\/\/vysledky.czechswimming.cz\/souteze\/7395\">https:\/\/vysledky.czechswimming.cz\/souteze\/7395<\/a><\/p>\n<p>Dal\u0161\u00ed zast\u00e1vkou jsou Plze\u0148sk\u00e9 sprinty, kter\u00e9 se konaj\u00ed 14.-16.10.2022<\/p>\n<p><img loading=\"lazy\" class=\"aligncenter size-full wp-image-1449\" src=\"https:\/\/skkoprivnice.cz\/wp-content\/uploads\/2022\/10\/c30ef8a6-4906-4379-8a8b-8639c41ff4e8.jpeg\" alt=\"\" width=\"2016\" height=\"1512\" srcset=\"https:\/\/skkoprivnice.cz\/wp-content\/uploads\/2022\/10\/c30ef8a6-4906-4379-8a8b-8639c41ff4e8.jpeg 2016w, https:\/\/skkoprivnice.cz\/wp-content\/uploads\/2022\/10\/c30ef8a6-4906-4379-8a8b-8639c41ff4e8-300x225.jpeg 300w, https:\/\/skkoprivnice.cz\/wp-content\/uploads\/2022\/10\/c30ef8a6-4906-4379-8a8b-8639c41ff4e8-768x576.jpeg 768w, https:\/\/skkoprivnice.cz\/wp-content\/uploads\/2022\/10\/c30ef8a6-4906-4379-8a8b-8639c41ff4e8-1024x768.jpeg 1024w\" sizes=\"(max-width: 2016px) 100vw, 2016px\" \/><\/p>\n<h4>&nbsp;<\/h4>\n<h4><strong>Skv\u011bl\u00fd \u00favod zimn\u00ed sez\u00f3ny 2022<br><\/strong><\/h4>\n<p>V sobotu 24.9. se uskute\u010dnily prvn\u00ed z\u00e1vody v zimn\u00ed sez\u00f3n\u011b 2022, kter\u00fdmi byly KP\u017d dlouh\u00fdch trat\u00ed v Hav\u00ed\u0159ov\u011b. Z\u00e1vod\u016f se z\u00fa\u010dastnilo hned 17 na\u0161ich plavc\u016f, kte\u0159\u00ed absolvovali trat\u011b 800m a 1500m voln\u00fd zp\u016fsob. V\u0161ichni plavci plavali v osobn\u00edch rekordech nebo na jejich \u00farovni. Ze z\u00e1vod\u016f si odvezli skv\u011bl\u00e9 v\u00fdkony a tak\u00e9 kr\u00e1sn\u00e1 um\u00edst\u011bn\u00ed. Celkem t\u0159ikr\u00e1t se na\u0161im plavc\u016fm poda\u0159ilo probojovat na t\u0159et\u00ed p\u0159\u00ed\u010dku, jednou na druhou a p\u011bt na\u0161ich plavc\u016f se stalo p\u0159eborn\u00edky Moravskoslezsk\u00e9ho kraje. V\u0161em z\u00fa\u010dastn\u011bn\u00fdm d\u011bkujeme za reprezentaci klubu a 30.9. &#8211; 1.10.2022 se na v\u00e1s t\u011b\u0161\u00edme na Velk\u00e9 cen\u011b Kop\u0159ivnice!<\/p>\n<p>V\u00fdsledky najdete na tomto odkazu: <a href=\"https:\/\/vysledky.czechswimming.cz\/souteze\/7332\">https:\/\/vysledky.czechswimming.cz\/souteze\/7332<\/a><\/p>\n<p style=\"text-align: left;\">Fotky naleznete zde:&nbsp;<a href=\"https:\/\/skkoprivnice1.rajce.idnes.cz\/KPZ_dlouhe_trate_Havirov\/\">https:\/\/skkoprivnice1.rajce.idnes.cz\/KPZ_dlouhe_trate_Havirov\/<\/a>&nbsp;&nbsp;&nbsp;&nbsp;&nbsp;&nbsp;&nbsp;&nbsp;&nbsp;&nbsp;&nbsp;&nbsp;&nbsp;&nbsp;&nbsp;&nbsp;&nbsp;&nbsp;&nbsp;&nbsp;&nbsp;&nbsp;&nbsp;&nbsp;&nbsp;&nbsp;&nbsp;&nbsp;&nbsp;&nbsp;&nbsp;&nbsp;&nbsp;&nbsp;&nbsp;&nbsp;&nbsp;&nbsp;&nbsp;&nbsp;&nbsp;&nbsp;&nbsp;&nbsp;&nbsp;&nbsp;&nbsp;&nbsp;&nbsp;&nbsp;&nbsp;&nbsp;&nbsp;&nbsp;&nbsp;&nbsp;&nbsp;&nbsp;&nbsp;&nbsp;&nbsp;&nbsp;&nbsp;&nbsp;&nbsp;&nbsp;&nbsp;&nbsp;&nbsp;&nbsp;&nbsp; <a href=\"https:\/\/kohi05.rajce.idnes.cz\/KPZ_dlouhe_trate_-_MSK\/\">&nbsp;&nbsp;&nbsp;&nbsp;&nbsp;&nbsp;&nbsp; &nbsp; &nbsp; &nbsp; &nbsp; &nbsp; &nbsp; &nbsp; &nbsp; &nbsp; &nbsp; &nbsp; &nbsp; &nbsp; &nbsp; &nbsp; &nbsp; &nbsp; &nbsp;&nbsp; https:\/\/kohi05.rajce.idnes.cz\/KPZ_dlouhe_trate_-_MSK\/<\/a><\/p>","protected":false},"excerpt":{"rendered":"<p>Zimn\u00ed M\u010cR star\u0161\u00edho \u017eactva (2022) O v\u00edkendu 10. \u2013 11. 12. 2022 se konalo Zimn\u00ed Mistrovstv\u00ed \u010cesk\u00e9 republiky star\u0161\u00edho \u017eactva.<\/p>\n","protected":false},"author":1,"featured_media":0,"parent":25,"menu_order":0,"comment_status":"closed","ping_status":"closed","template":"","meta":[],"_links":{"self":[{"href":"https:\/\/skkoprivnice.cz\/index.php?rest_route=\/wp\/v2\/pages\/28"}],"collection":[{"href":"https:\/\/skkoprivnice.cz\/index.php?rest_route=\/wp\/v2\/pages"}],"about":[{"href":"https:\/\/skkoprivnice.cz\/index.php?rest_route=\/wp\/v2\/types\/page"}],"author":[{"embeddable":true,"href":"https:\/\/skkoprivnice.cz\/index.php?rest_route=\/wp\/v2\/users\/1"}],"replies":[{"embeddable":true,"href":"https:\/\/skkoprivnice.cz\/index.php?rest_route=%2Fwp%2Fv2%2Fcomments&post=28"}],"version-history":[{"count":5,"href":"https:\/\/skkoprivnice.cz\/index.php?rest_route=\/wp\/v2\/pages\/28\/revisions"}],"predecessor-version":[{"id":1626,"href":"https:\/\/skkoprivnice.cz\/index.php?rest_route=\/wp\/v2\/pages\/28\/revisions\/1626"}],"up":[{"embeddable":true,"href":"https:\/\/skkoprivnice.cz\/index.php?rest_route=\/wp\/v2\/pages\/25"}],"wp:attachment":[{"href":"https:\/\/skkoprivnice.cz\/index.php?rest_route=%2Fwp%2Fv2%2Fmedia&parent=28"}],"curies":[{"name":"wp","href":"https:\/\/api.w.org\/{rel}","templated":true}]}}