{"id":2001,"date":"2024-02-12T20:33:42","date_gmt":"2024-02-12T19:33:42","guid":{"rendered":"https:\/\/skkoprivnice.cz\/?page_id=2001"},"modified":"2024-02-26T16:16:38","modified_gmt":"2024-02-26T15:16:38","slug":"vysledky-zavodu-2023","status":"publish","type":"page","link":"https:\/\/skkoprivnice.cz\/?page_id=2001","title":{"rendered":"V\u00fdsledky z\u00e1vod\u016f 2023"},"content":{"rendered":"\n<h4><strong>Zimn\u00ed M\u010cR dosp\u011bl\u00fdch a junior\u016f<\/strong> <strong>2023<\/strong><\/h4>\n\n\n\n<p>Od \u010dtvrtku 14. do ned\u011ble 17. 12. 2023 prob\u011bhlo v Plzni Mistrovstv\u00ed \u010cesk\u00e9 republiky dosp\u011bl\u00fdch a junior\u016f. N\u00e1\u0161 klub reprezentovali \u010dty\u0159i plavci. U\u017e samotn\u00e1 \u00fa\u010dast tolika \u010dlen\u016f byla vzhledem ke ka\u017edoro\u010dn\u011b nabit\u00e9 konkurenci obrovsk\u00fd \u00fasp\u011bch.<\/p>\n\n\n\n<p>Am\u00e1lie Dvo\u0159\u00e1kov\u00e1 se kvalifikovala na 50 P, kde za sv\u00fdm osobn\u00edm maximem zaostala 8 desetin sekundy (19. p\u0159\u00ed\u010dka mezi mlad\u0161\u00edmi juniorkami).<\/p>\n\n\n\n<p>Samuel Schneiderka si zaplaval dv\u011b znakov\u00e9 discipl\u00edny (100 Z a 200 Z). Na stovku dok\u00e1zal vylep\u0161it sv\u016fj osobn\u00ed rekord a skon\u010dil na 21. m\u00edst\u011b v kategorii mlad\u0161\u00edch junior\u016f. Na dvojn\u00e1sobn\u00e9 trati dokon\u010dil z\u00e1vod na 19. m\u00edst\u011b.<\/p>\n\n\n\n<p>Za star\u0161\u00ed juniorky bojovala \u0160\u00e1rka Jadrn\u00ed\u010dkov\u00e1, kter\u00e1 se nakonec plavala na \u010dty\u0159i starty. \u0160\u00e1rka se dok\u00e1zala kvalifikovat do fin\u00e1le na 200 m znak, kde nakonec skon\u010dila na kr\u00e1sn\u00e9m 9\ufe0f. m\u00edst\u011b. V dal\u0161\u00edch discipl\u00edn\u00e1ch (100 Z, 100 PZ) si zaplavala sv\u00e1 osobn\u00ed maxima.<\/p>\n\n\n\n<p>Vendula Schwarzov\u00e1 si zaplavala nov\u00fd osobn\u00ed rekord na 1500 VZ, se kter\u00fdm se um\u00edstila na skv\u011bl\u00e9m 5\ufe0f. m\u00edst\u011b. K tomu p\u0159idala dal\u0161\u00ed um\u00edst\u011bn\u00ed v TOP10 na 800 VZ kde skon\u010dila sedm\u00e1 a v&nbsp;discipl\u00edn\u011b 200 Z&nbsp;si tak\u00e9 dok\u00e1zala vylep\u0161it sv\u016fj osobn\u00ed rekord.<\/p>\n\n\n\n<p>Gratulujeme k&nbsp;p\u0159edveden\u00fdm v\u00fdkon\u016f a t\u011b\u0161\u00edme se na dal\u0161\u00ed sez\u00f3nu.<\/p>\n\n\n\n<p>V\u00fdsledky klubu: <a href=\"https:\/\/skkoprivnice.cz\/wp-content\/uploads\/2024\/01\/ZMCR_dospeli.pdf\">ZM\u010cR_dospeli<\/a><\/p>\n\n\n<div class=\"wp-block-image\">\n<figure class=\"aligncenter\"><img loading=\"lazy\" width=\"2560\" height=\"1920\" src=\"https:\/\/skkoprivnice.cz\/wp-content\/uploads\/2024\/01\/mcr-dospeli-scaled.jpg\" alt=\"\" class=\"wp-image-1988\" srcset=\"https:\/\/skkoprivnice.cz\/wp-content\/uploads\/2024\/01\/mcr-dospeli-scaled.jpg 2560w, https:\/\/skkoprivnice.cz\/wp-content\/uploads\/2024\/01\/mcr-dospeli-300x225.jpg 300w, https:\/\/skkoprivnice.cz\/wp-content\/uploads\/2024\/01\/mcr-dospeli-1024x768.jpg 1024w, https:\/\/skkoprivnice.cz\/wp-content\/uploads\/2024\/01\/mcr-dospeli-768x576.jpg 768w, https:\/\/skkoprivnice.cz\/wp-content\/uploads\/2024\/01\/mcr-dospeli-1536x1152.jpg 1536w, https:\/\/skkoprivnice.cz\/wp-content\/uploads\/2024\/01\/mcr-dospeli-2048x1536.jpg 2048w\" sizes=\"(max-width: 2560px) 100vw, 2560px\" \/><\/figure><\/div>\n\n\n<h4><strong>Zimn\u00ed M\u010cR t\u0159in\u00e1ctilet\u00e9ho \u017eactva 2023<\/strong><\/h4>\n\n\n\n<p>O v\u00edkendu 9. 12. &#8211; 10. 12. 2023 prob\u011bhlo zimn\u00ed Mistrovstv\u00ed \u010cesk\u00e9 republiky tak\u00e9 v Jihlav\u011b. Tyto z\u00e1vody byly ur\u010deny pro plavce ro\u010dn\u00edku narozen\u00ed 2010. N\u00e1\u0161 klub reprezentovala \u010dtve\u0159ice plavc\u016f: Karol\u00edna Ka\u0161p\u00e1rkov\u00e1, Michaela Richterov\u00e1, Jakub Kvita a Ji\u0159\u00ed Z\u00e1topek.<\/p>\n\n\n\n<p>Celkem v sou\u010dtu si odvezli deset um\u00edst\u011bn\u00ed v TOP 10. Nejv\u011bt\u0161\u00ed z\u00e1sluhou Ji\u0159\u00edho Z\u00e1topka.<\/p>\n\n\n\n<p>Jirka dos\u00e1hl velk\u00e9ho \u00fasp\u011bchu, kdy\u017e si vybojoval dva tituly Mistra \u010cR star\u0161\u00edho \u017eactva, a to v discipl\u00edn\u00e1ch 200 VZ a 400 VZ. D\u00e1le si vyplaval dv\u011b druh\u00e1 m\u00edsta na 200 Z a 400 PZ v nov\u00fdch osobn\u00edch rekordech. Zaznamenal je\u0161t\u011b jedno um\u00edst\u011bn\u00ed v prvn\u00ed des\u00edtce a to na 100 Z, kde skon\u010dil p\u00e1t\u00fd.<\/p>\n\n\n\n<p>M\u00ed\u0161a si vyplavala t\u0159i osobn\u00ed rekordy, kter\u00e9 j\u00ed zajistily tak\u00e9 um\u00edst\u011bn\u00ed na \u0161pi\u010dce startovn\u00edho pole. Na 50 VZ vybojovala 7. p\u0159\u00ed\u010dku, dvojn\u00e1sobnou tra\u0165 doplavala na 8. pozici a na 100 Z skon\u010dila des\u00e1t\u00e1.<\/p>\n\n\n\n<p>K\u00e1ja se nominovala na t\u0159i discipl\u00edny (100 Z, 200 Z, 400 PZ). Zabojovala a plavala v\u0161e ve sv\u00fdch osobn\u00edch maximech, kter\u00e1 sta\u010dila nejl\u00e9pe na 14. m\u00edsto.<\/p>\n\n\n\n<p>Kuba byl dlouhodob\u011b nemocn\u00fd, tak\u017ee jeho v\u00fdsledky odpov\u00eddaly d\u00e9lce p\u0159\u00edpravy.<\/p>\n\n\n\n<p>Tato \u010dtve\u0159ice ve sm\u00ed\u0161en\u00e9 \u0161tafet\u011b na 4 x 50 VZ obsadila kr\u00e1sn\u00e9 6. m\u00edsto. Ve \u0161tafet\u011b 4 x 50 VZ si spole\u010dn\u011b vyplavali des\u00e1tou p\u0159\u00ed\u010dku.<\/p>\n\n\n\n<p>V\u0161em d\u011bkujeme za skv\u011blou reprezentaci klubu.<\/p>\n\n\n<div class=\"wp-block-image\">\n<figure class=\"aligncenter\"><img loading=\"lazy\" width=\"1600\" height=\"1200\" src=\"https:\/\/skkoprivnice.cz\/wp-content\/uploads\/2023\/12\/MCR-13-leti.jpg\" alt=\"\" class=\"wp-image-1977\" srcset=\"https:\/\/skkoprivnice.cz\/wp-content\/uploads\/2023\/12\/MCR-13-leti.jpg 1600w, https:\/\/skkoprivnice.cz\/wp-content\/uploads\/2023\/12\/MCR-13-leti-300x225.jpg 300w, https:\/\/skkoprivnice.cz\/wp-content\/uploads\/2023\/12\/MCR-13-leti-1024x768.jpg 1024w, https:\/\/skkoprivnice.cz\/wp-content\/uploads\/2023\/12\/MCR-13-leti-768x576.jpg 768w, https:\/\/skkoprivnice.cz\/wp-content\/uploads\/2023\/12\/MCR-13-leti-1536x1152.jpg 1536w\" sizes=\"(max-width: 1600px) 100vw, 1600px\" \/><\/figure><\/div>\n\n\n<h4><strong>Zimn\u00ed M\u010cR \u010dtrn\u00e1ctilet\u00e9ho \u017eactva 2023<\/strong><\/h4>\n\n\n\n<p>O v\u00edkendu 9. 12. &#8211; 10. 12. 2023 se v Prost\u011bjov\u011b konalo M\u010cR \u010dtrn\u00e1ctilet\u00e9ho \u017eactva. Z na\u0161eho klubu se poda\u0159ilo nominovat Krist\u00fdn\u011b Konvi\u010dkov\u00e9 na discipl\u00ednu 200P.<\/p>\n\n\n\n<p>Pro Kiki bylo Mistrovstv\u00ed \u010cesk\u00e9 republiky vrcholem leto\u0161n\u00ed zimn\u00ed sez\u00f3ny a samotn\u00e1 kvalifikace na tyto z\u00e1vody byla pro ni \u00fasp\u011bchem a odm\u011bnou za velk\u00e9 \u00fasil\u00ed v\u011bnovan\u00e9 p\u0159\u00edprav\u011b.<\/p>\n\n\n\n<p>D\u011bkujeme za reprezentaci a p\u0159ejeme hodn\u011b dal\u0161\u00edch \u00fasp\u011b\u0161n\u00fdch start\u016f v nov\u00e9 sez\u00f3n\u011b.<\/p>\n\n\n\n<p>V\u00fdsledky: <a href=\"https:\/\/skkoprivnice.cz\/wp-content\/uploads\/2023\/12\/vysledky_MCR14-leti2023.pdf\">v\u00fdsledky_M\u010cR14-let\u00ed(2023)<\/a><\/p>\n\n\n<div class=\"wp-block-image\">\n<figure class=\"aligncenter\"><img loading=\"lazy\" width=\"600\" height=\"800\" src=\"https:\/\/skkoprivnice.cz\/wp-content\/uploads\/2023\/12\/MCR-14-leti.jpg\" alt=\"\" class=\"wp-image-1975\" srcset=\"https:\/\/skkoprivnice.cz\/wp-content\/uploads\/2023\/12\/MCR-14-leti.jpg 600w, https:\/\/skkoprivnice.cz\/wp-content\/uploads\/2023\/12\/MCR-14-leti-225x300.jpg 225w\" sizes=\"(max-width: 600px) 100vw, 600px\" \/><\/figure><\/div>\n\n\n<h4><strong>Zimn\u00ed poh\u00e1r desetilet\u00e9ho \u017eactva 2023 &#8211; Morava<\/strong><\/h4>\n\n\n\n<p>Ve stejnou sobotu jako poh\u00e1r jeden\u00e1ctilet\u00e9ho \u017eactva prob\u011bhl Zimn\u00ed poh\u00e1r \u010cR desetilet\u00e9ho \u017eactva \u2013 Morava, kter\u00fd se uskute\u010dnil v Karvin\u00e9. Tyto z\u00e1vody byly nejv\u011bt\u0161\u00ed vrchol sez\u00f3ny pro nejmlad\u0161\u00ed z\u00e1vodn\u00edky. N\u00e1\u0161 klub reprezentoval pouze jeden plavec Jaroslav R\u016f\u017ei\u010dka.<\/p>\n\n\n\n<p>Jarda se dok\u00e1zal um\u00edstit v TOP 10. A to na 200 VZ, kde si vylep\u0161il osobn\u00ed rekord a skon\u010dil \u00fa\u017easn\u00e9m 10. m\u00edst\u011b. V\u0161echny ostatn\u00ed discipl\u00edny zaplaval na \u00farovni sv\u00fdch p\u0159ihl\u00e1\u0161en\u00fdch \u010das\u016f.<\/p>\n\n\n\n<p>D\u011bkujeme za skv\u011blou reprezentaci a gratulujeme k v\u00fdsledk\u016fm.<\/p>\n\n\n\n<p>V\u00fdsledky: <a href=\"https:\/\/skkoprivnice.cz\/wp-content\/uploads\/2023\/12\/klub_ZPCR10.pdf\">klub_ZP\u010cR10<\/a><\/p>\n\n\n<div class=\"wp-block-image\">\n<figure class=\"aligncenter\"><img loading=\"lazy\" width=\"720\" height=\"540\" src=\"https:\/\/skkoprivnice.cz\/wp-content\/uploads\/2023\/12\/ZPM_uvodni_karvina.jpg\" alt=\"\" class=\"wp-image-1960\" srcset=\"https:\/\/skkoprivnice.cz\/wp-content\/uploads\/2023\/12\/ZPM_uvodni_karvina.jpg 720w, https:\/\/skkoprivnice.cz\/wp-content\/uploads\/2023\/12\/ZPM_uvodni_karvina-300x225.jpg 300w\" sizes=\"(max-width: 720px) 100vw, 720px\" \/><\/figure><\/div>\n\n\n<h4><strong>Zimn\u00ed poh\u00e1r jeden\u00e1ctilet\u00e9ho \u017eactva 2023 &#8211; Morava<\/strong><\/h4>\n\n\n\n<p>V sobotu 2. 12. 2023 se kop\u0159ivnick\u00e1 plavkyn\u011b Nela Mach\u00e1\u010dkov\u00e1 vydala do Prost\u011bjova na Zimn\u00ed poh\u00e1r \u010cR jeden\u00e1ctilet\u00e9ho \u017eactva \u2013 Morava.<\/p>\n\n\n\n<p>Nel\u010da si ve v\u0161ech sv\u00fdch startech zaplavala v\u00fdrazn\u00e9 osobn\u00ed rekordy, kter\u00e9 ji zajistily um\u00edst\u011bni v TOP 10. A to v discipl\u00edn\u00e1ch 200 VZ, kde doplavala na \u00fa\u017easn\u00e9m 8. m\u00edst\u011b, na trati 400 VZ p\u0159edvedla tak\u00e9 skv\u011bl\u00fd v\u00fdkon a obsadila kr\u00e1sn\u00e9 10. m\u00edsto.<\/p>\n\n\n\n<p>Na poh\u00e1r se dok\u00e1zali kvalifikovat je\u0161t\u011b dva na\u0161i plavci, kte\u0159\u00ed se ale kv\u016fli nemoci bohu\u017eel nemohli z\u00fa\u010dastnit.<\/p>\n\n\n\n<p>Gratulujeme k p\u0159edveden\u00fdm v\u00fdsledk\u016fm a d\u011bkujeme za vzornou reprezentaci.<\/p>\n\n\n\n<p>V\u00fdsledky klubu: <a href=\"https:\/\/skkoprivnice.cz\/wp-content\/uploads\/2023\/12\/klub_ZPCR11.pdf\">klub_ZP\u010cR11<\/a><\/p>\n\n\n<div class=\"wp-block-image\">\n<figure class=\"aligncenter\"><img loading=\"lazy\" width=\"720\" height=\"540\" src=\"https:\/\/skkoprivnice.cz\/wp-content\/uploads\/2023\/12\/ZPM_uvodni.jpg\" alt=\"\" class=\"wp-image-1956\" srcset=\"https:\/\/skkoprivnice.cz\/wp-content\/uploads\/2023\/12\/ZPM_uvodni.jpg 720w, https:\/\/skkoprivnice.cz\/wp-content\/uploads\/2023\/12\/ZPM_uvodni-300x225.jpg 300w\" sizes=\"(max-width: 720px) 100vw, 720px\" \/><\/figure><\/div>\n\n\n<h4><strong>V\u00e1no\u010dn\u00ed cena Zl\u00edna<\/strong><\/h4>\n\n\n\n<p>Od p\u00e1tku 24. 11. do ned\u011ble 26. 11. 2023 se na baz\u00e9n\u011b ve Zl\u00edn\u011b konalo 7. kolo \u010cesk\u00e9ho poh\u00e1ru.<\/p>\n\n\n\n<p>Z\u00e1vod\u016f se z vlastn\u00ed iniciativy z\u00fa\u010dastnili junio\u0159i Vendula Schwarzov\u00e1 a Samuel Schneiderka. Oba si dok\u00e1zali vylep\u0161it n\u011bkter\u00e1 sv\u00e1 osobn\u00ed maxima.<\/p>\n\n\n\n<p>Gratulujeme a d\u011bkujeme za reprezentaci klubu!!<\/p>\n\n\n\n<p>V\u00fdsledky klubu: <a href=\"https:\/\/skkoprivnice.cz\/wp-content\/uploads\/2023\/12\/klub_VC_Zlin.pdf\">klub_VC_Zl\u00edn<\/a><\/p>\n\n\n<div class=\"wp-block-image\">\n<figure class=\"aligncenter\"><img loading=\"lazy\" width=\"2560\" height=\"1920\" src=\"https:\/\/skkoprivnice.cz\/wp-content\/uploads\/2023\/12\/IMG_0390-scaled.jpg\" alt=\"\" class=\"wp-image-1949\" srcset=\"https:\/\/skkoprivnice.cz\/wp-content\/uploads\/2023\/12\/IMG_0390-scaled.jpg 2560w, https:\/\/skkoprivnice.cz\/wp-content\/uploads\/2023\/12\/IMG_0390-300x225.jpg 300w, https:\/\/skkoprivnice.cz\/wp-content\/uploads\/2023\/12\/IMG_0390-1024x768.jpg 1024w, https:\/\/skkoprivnice.cz\/wp-content\/uploads\/2023\/12\/IMG_0390-768x576.jpg 768w, https:\/\/skkoprivnice.cz\/wp-content\/uploads\/2023\/12\/IMG_0390-1536x1152.jpg 1536w, https:\/\/skkoprivnice.cz\/wp-content\/uploads\/2023\/12\/IMG_0390-2048x1536.jpg 2048w\" sizes=\"(max-width: 2560px) 100vw, 2560px\" \/><\/figure><\/div>\n\n\n<h4><strong>KP\u017d &#8211; star\u0161\u00ed \u017e\u00e1ci<\/strong><\/h4>\n\n\n\n<p>Dne 17. 11. a 18. 11. 2023 se v Karvin\u00e9 konaly Krajsk\u00e9 p\u0159ebory \u017eactva Moravskoslezsk\u00e9ho kraje. Pro kategorii \u017e\u00e1k\u016f (ro\u010d. nar. 2009 &#8211; 2011) to byly kvalifika\u010dn\u00ed z\u00e1vody na nadch\u00e1zej\u00edc\u00ed M\u010cR. Za SK Kop\u0159ivnice se z\u00fa\u010dastnilo celkem 19 plavc\u016f. Reprezentant\u016fm kop\u0159ivnick\u00e9ho klubu se velmi da\u0159ilo, vyplavali spoustu medail\u00ed a skv\u011bl\u00fdch osobn\u00edch rekord\u016f.<\/p>\n\n\n\n<p>Medailov\u00e1 um\u00edst\u011bn\u00ed:<\/p>\n\n\n\n<p>Zlat\u00e9 medaile si vybojovali a p\u0159eborn\u00edky kraje se stali: Karol\u00edna Ka\u0161p\u00e1rkov\u00e1 na 400 VZ, 200 PZ, 400 PZ, Michaela Richterov\u00e1 ve v\u0161ech sv\u00fdch startech (50 VZ, 100 VZ, 200 VZ, 100 Z, 200 Z, 100 M, 200 M, 100 PZ) a Ji\u0159\u00ed Z\u00e1topek (200 VZ, 400 VZ, 200 Z, 100 M, 200 M, 100 PZ, 200 PZ, 400 PZ).<\/p>\n\n\n\n<p>St\u0159\u00edbro vyplavali: Karol\u00edna Ka\u0161p\u00e1rkov\u00e1 v discipl\u00edn\u00e1ch 200 VZ, 100 Z, 200 Z, Krist\u00fdna Konvi\u010dkov\u00e1 na 200 P, 400 PZ a Ji\u0159\u00ed Z\u00e1topek po t\u011bsn\u00e9m dohmatu na 100 Z.<br>Bronzovou medaili si odvezli: Krist\u00fdna Konvi\u010dkov\u00e1 (50 P, 100 P), Kristi\u00e1n Nov\u00e1k (200 Z) a Ji\u0159\u00ed R\u016f\u017ei\u010dka v kr\u00e1sn\u00e9m osob\u00e1ku na 200 P.<\/p>\n\n\n\n<p>\u00dasp\u011bch slavily i na\u0161e \u0161tafety. T\u00fdm chlapc\u016f ve slo\u017een\u00ed Ji\u0159\u00ed R\u016f\u017ei\u010dka, Stanislav R\u016f\u017ei\u010dka, Ji\u0159\u00ed Z\u00e1topek a Kristi\u00e1n Nov\u00e1k vyplaval st\u0159\u00edbrnou medaili na 4 x 50 PZ a stejn\u00e9 um\u00edst\u011bn\u00ed z\u00edskala i sm\u00ed\u0161en\u00e1 \u0161tafeta na 4 x 50 PZ ve slo\u017een\u00ed Ji\u0159\u00ed R\u016f\u017ei\u010dka, Krist\u00fdna Konvi\u010dkov\u00e1, Ji\u0159\u00ed Z\u00e1topek a Michaela Richterov\u00e1.<\/p>\n\n\n\n<p>Juniorsk\u00e9 kategorie se v r\u00e1mci t\u011bchto z\u00e1vod\u016f nevyhla\u0161ovaly, ale zaplavan\u00e9 \u010dasy se tak\u00e9 po\u010d\u00edtaj\u00ed do kvalifikace na budouc\u00ed M\u010cR.<\/p>\n\n\n\n<p>K osobn\u00edm rekord\u016fm gratulujeme a budeme dr\u017eet palce.<\/p>\n\n\n\n<p>V\u00fdsledky klubu: <a href=\"https:\/\/skkoprivnice.cz\/wp-content\/uploads\/2023\/11\/kpz_starsi_vysledky.pdf\">kpz_starsi_vysledky<\/a><\/p>\n\n\n<div class=\"wp-block-image\">\n<figure class=\"aligncenter\"><img loading=\"lazy\" width=\"2560\" height=\"1920\" src=\"https:\/\/skkoprivnice.cz\/wp-content\/uploads\/2023\/11\/kpz_starsi-1-scaled.jpg\" alt=\"\" class=\"wp-image-1943\" srcset=\"https:\/\/skkoprivnice.cz\/wp-content\/uploads\/2023\/11\/kpz_starsi-1-scaled.jpg 2560w, https:\/\/skkoprivnice.cz\/wp-content\/uploads\/2023\/11\/kpz_starsi-1-300x225.jpg 300w, https:\/\/skkoprivnice.cz\/wp-content\/uploads\/2023\/11\/kpz_starsi-1-1024x768.jpg 1024w, https:\/\/skkoprivnice.cz\/wp-content\/uploads\/2023\/11\/kpz_starsi-1-768x576.jpg 768w, https:\/\/skkoprivnice.cz\/wp-content\/uploads\/2023\/11\/kpz_starsi-1-1536x1152.jpg 1536w, https:\/\/skkoprivnice.cz\/wp-content\/uploads\/2023\/11\/kpz_starsi-1-2048x1536.jpg 2048w\" sizes=\"(max-width: 2560px) 100vw, 2560px\" \/><\/figure><\/div>\n\n\n<h4><strong>KP\u017d &#8211; mlad\u0161\u00ed \u017e\u00e1ci&nbsp;<\/strong><\/h4>\n\n\n\n<p>V&nbsp;sobotu 11. 11. 2023 z\u00e1vodila skupina mlad\u0161\u00edch \u017e\u00e1k\u016f (ro\u010d. nar. 2012 \u2013 2014) na Krajsk\u00e9m p\u0159eboru \u017eactva Moravskoslezsk\u00e9ho kraje. Do nov\u00e9ho Ji\u010d\u00edna odjelo celkem 10 plavc\u016f. Byly poko\u0159eny t\u00e9m\u011b\u0159 v\u0161echny osobn\u00ed rekordy a v\u00fdjimkou nebyly ani medailov\u00e1 um\u00edst\u011bn\u00ed.<\/p>\n\n\n\n<p>Bronzovou medaili si vyplavali Ond\u0159ej Galia (100 VZ), Aneta Pant\u016f\u010dkov\u00e1 (100 P), Jaroslav R\u016f\u017ei\u010dka (100 VZ, 200 VZ) a Ad\u00e9la \u0160enke\u0159\u00edkov\u00e1 (50 P, 100 P). St\u0159\u00edbro brali Ond\u0159ej Galia (100 Z, 200 VZ, 400 VZ), Aneta Pant\u016f\u010dkov\u00e1 (50 P), Tade\u00e1\u0161 Veselsk\u00fd (100 Z, 100 VZ) a Nikol Vy\u0161kovsk\u00e1 (50 VZ, 100 VZ, 200 VZ, 400 VZ, 200 Z). P\u0159eborn\u00edky kraje se stali Eva Pust\u011bjovsk\u00e1 (200 VZ), Jaroslav R\u016f\u017ei\u010dka (100 Z) a Tade\u00e1\u0161 Veselsk\u00fd (100 PZ, 50 Z). \u0160tafeta d\u011bv\u010dat na 4 x 50 VZ ve slo\u017een\u00ed Nela Mach\u00e1\u010dkov\u00e1, S\u00e1ra Z\u00e1borsk\u00e1, Sofie Petrovsk\u00e1 a Nikol Vy\u0161kovsk\u00e1 si z&nbsp;nap\u00ednav\u00e9ho souboje odvezla bronz!<\/p>\n\n\n\n<p>D\u011bkujeme za reprezentaci a p\u0159ejeme hodn\u011b \u00fasp\u011bch\u016f do dal\u0161\u00edch z\u00e1vod\u016f.<\/p>\n\n\n\n<p>V\u00fdsledky klubu: <a href=\"https:\/\/skkoprivnice.cz\/wp-content\/uploads\/2023\/11\/KPZ_mladsi.pdf\">KP\u017d_mlad\u0161\u00ed<\/a><\/p>\n\n\n<div class=\"wp-block-image\">\n<figure class=\"aligncenter\"><img loading=\"lazy\" width=\"800\" height=\"600\" src=\"https:\/\/skkoprivnice.cz\/wp-content\/uploads\/2023\/11\/KPZ-mladsi.jpg\" alt=\"\" class=\"wp-image-1930\" srcset=\"https:\/\/skkoprivnice.cz\/wp-content\/uploads\/2023\/11\/KPZ-mladsi.jpg 800w, https:\/\/skkoprivnice.cz\/wp-content\/uploads\/2023\/11\/KPZ-mladsi-300x225.jpg 300w, https:\/\/skkoprivnice.cz\/wp-content\/uploads\/2023\/11\/KPZ-mladsi-768x576.jpg 768w\" sizes=\"(max-width: 800px) 100vw, 800px\" \/><\/figure><\/div>\n\n\n<h4><strong>VC Brna<\/strong><\/h4>\n\n\n\n<p>Od p\u00e1tku 3. 11. do ned\u011ble 5. 11. 2023 se na nov\u00e9m baz\u00e9n\u011b v&nbsp;Brn\u011b konalo 6. kolo \u010cesk\u00e9ho poh\u00e1ru.<\/p>\n\n\n\n<p>Individu\u00e1ln\u011b se z\u00e1vod\u016f z\u00fa\u010dastnila Vendula Schwarzov\u00e1 a dok\u00e1zala si vylep\u0161it n\u011bkter\u00e1 sv\u00e1 osobn\u00ed maxima.<\/p>\n\n\n\n<p>Gratulujeme a d\u011bkujeme za reprezentaci klubu.<\/p>\n\n\n<div class=\"wp-block-image\">\n<figure class=\"aligncenter\"><img loading=\"lazy\" width=\"923\" height=\"1231\" src=\"https:\/\/skkoprivnice.cz\/wp-content\/uploads\/2023\/11\/VC-BRNA.jpeg\" alt=\"\" class=\"wp-image-1926\" srcset=\"https:\/\/skkoprivnice.cz\/wp-content\/uploads\/2023\/11\/VC-BRNA.jpeg 923w, https:\/\/skkoprivnice.cz\/wp-content\/uploads\/2023\/11\/VC-BRNA-225x300.jpeg 225w, https:\/\/skkoprivnice.cz\/wp-content\/uploads\/2023\/11\/VC-BRNA-768x1024.jpeg 768w\" sizes=\"(max-width: 923px) 100vw, 923px\" \/><\/figure><\/div>\n\n\n<h4><strong>Mal\u00e1 cena Nov\u00e9ho Ji\u010d\u00edna 2023<\/strong><\/h4>\n\n\n\n<p>O v\u00edkendu 21. 10. &#8211; 22. 10. 2023 se konal 46. ro\u010dn\u00edk Mal\u00e9 ceny Nov\u00e9ho Ji\u010d\u00edna. N\u00e1\u0161 klub reprezentovalo celkem 12 plavc\u016f.<\/p>\n\n\n\n<p>Padaly nejen osobn\u00ed rekordy, ale i spousta medail\u00ed, o kter\u00e9 se postarala Karol\u00edna Ka\u0161p\u00e1rkov\u00e1 (st\u0159\u00edbro na 200 Z, 100 Z, 50 Z a t\u0159et\u00ed m\u00edsto na 200 PZ) a Ji\u0159\u00ed Z\u00e1topek (\u010dty\u0159i zlat\u00e9 medaile na 200 M, 200 Z, 200 VZ, 400 VZ, druh\u00e9 m\u00edsto na 50 Z a bronz na 100 M)<\/p>\n\n\n\n<p>V\u0161em z\u00fa\u010dastn\u011bn\u00fdm gratulujeme ke skv\u011bl\u00fdm v\u00fdkon\u016fm a p\u0159ejeme hodn\u011b sil v zimn\u00ed sez\u00f3n\u011b.<\/p>\n\n\n\n<p>V\u00fdsledky klubu: <a href=\"https:\/\/skkoprivnice.cz\/wp-content\/uploads\/2023\/10\/vysledky_klubuMCNJ.pdf\">v\u00fdsledky_klubu(MCNJ)<\/a><\/p>\n\n\n<div class=\"wp-block-image\">\n<figure class=\"aligncenter\"><img loading=\"lazy\" width=\"2560\" height=\"1920\" src=\"https:\/\/skkoprivnice.cz\/wp-content\/uploads\/2023\/10\/MCNJ-scaled.jpg\" alt=\"\" class=\"wp-image-1917\" srcset=\"https:\/\/skkoprivnice.cz\/wp-content\/uploads\/2023\/10\/MCNJ-scaled.jpg 2560w, https:\/\/skkoprivnice.cz\/wp-content\/uploads\/2023\/10\/MCNJ-300x225.jpg 300w, https:\/\/skkoprivnice.cz\/wp-content\/uploads\/2023\/10\/MCNJ-1024x768.jpg 1024w, https:\/\/skkoprivnice.cz\/wp-content\/uploads\/2023\/10\/MCNJ-768x576.jpg 768w, https:\/\/skkoprivnice.cz\/wp-content\/uploads\/2023\/10\/MCNJ-1536x1152.jpg 1536w, https:\/\/skkoprivnice.cz\/wp-content\/uploads\/2023\/10\/MCNJ-2048x1536.jpg 2048w\" sizes=\"(max-width: 2560px) 100vw, 2560px\" \/><\/figure><\/div>\n\n\n<h4><strong>Plze\u0148sk\u00e9 sprinty \u2013 5. kolo \u2013 \u010cP Arena Cup<\/strong><\/h4>\n\n\n\n<p>Od \u010dtvrtka 12. 10. do ned\u011ble 15. 10. 2023 se na plaveck\u00e9m baz\u00e9n\u011b na Slovanech konaly mezin\u00e1rodn\u00ed z\u00e1vody Plze\u0148sk\u00e9 sprinty. Z\u00e1vod\u016f se z\u00fa\u010dastnilo 690 plavc\u016f z osmi zem\u00ed.<\/p>\n\n\n\n<p>N\u00e1\u0161 klub reprezentovaly t\u0159i juniorky &#8211; Am\u00e1lie Dvo\u0159\u00e1kov\u00e1, \u0160\u00e1rka Jadrn\u00ed\u010dkov\u00e1 a Vendula Schwarzov\u00e1. Holk\u00e1m se povedlo poko\u0159it spoustu sv\u00fdch osobn\u00edch rekord\u016f a zaplavat p\u011bkn\u00e9 kvalifika\u010dn\u00ed \u010dasy.<\/p>\n\n\n\n<p>Gratulujeme k poveden\u00fdm v\u00fdkon\u016fm a d\u011bkujeme za reprezentaci.<\/p>\n\n\n\n<p>V\u00fdsledky klubu: <a href=\"https:\/\/skkoprivnice.cz\/wp-content\/uploads\/2023\/10\/vysledky_klubusprinty.pdf\">v\u00fdsledky_klubu(sprinty)<\/a><\/p>\n\n\n<div class=\"wp-block-image\">\n<figure class=\"aligncenter\"><img loading=\"lazy\" width=\"2560\" height=\"1920\" src=\"https:\/\/skkoprivnice.cz\/wp-content\/uploads\/2023\/10\/plzenske_sprinty-scaled.jpg\" alt=\"\" class=\"wp-image-1910\" srcset=\"https:\/\/skkoprivnice.cz\/wp-content\/uploads\/2023\/10\/plzenske_sprinty-scaled.jpg 2560w, https:\/\/skkoprivnice.cz\/wp-content\/uploads\/2023\/10\/plzenske_sprinty-300x225.jpg 300w, https:\/\/skkoprivnice.cz\/wp-content\/uploads\/2023\/10\/plzenske_sprinty-1024x768.jpg 1024w, https:\/\/skkoprivnice.cz\/wp-content\/uploads\/2023\/10\/plzenske_sprinty-768x576.jpg 768w, https:\/\/skkoprivnice.cz\/wp-content\/uploads\/2023\/10\/plzenske_sprinty-1536x1152.jpg 1536w, https:\/\/skkoprivnice.cz\/wp-content\/uploads\/2023\/10\/plzenske_sprinty-2048x1536.jpg 2048w\" sizes=\"(max-width: 2560px) 100vw, 2560px\" \/><\/figure><\/div>\n\n\n<h4><strong>44. ro\u010dn\u00edk Velk\u00e9 ceny Krnova<\/strong><\/h4>\n\n\n\n<p>V sobotu 7. 10. 2023 se na\u0161i nejmlad\u0161\u00ed plavci \u00fa\u010dastnili 44. ro\u010dn\u00edku Velk\u00e9 ceny Krnova. N\u00e1\u0161 klub reprezentovalo 8 plavc\u016f.<\/p>\n\n\n\n<p>Plavci kop\u0159ivnick\u00e9ho klubu vybojovali t\u0159i t\u0159et\u00ed m\u00edsta. O dv\u011b bronzov\u00e9 medaile se postarala Ad\u00e9la \u0160enke\u0159\u00edkov\u00e1, a to v discipl\u00edn\u00e1ch 50 Z a 50 M. Dal\u0161\u00ed bronz vyplaval Tade\u00e1\u0161 Veselsk\u00fd v discipl\u00edn\u011b 50 Z.<\/p>\n\n\n\n<p>V\u0161em z\u00fa\u010dastn\u011bn\u00fdm gratulujeme a p\u0159ejeme hodn\u011b \u00fasp\u011bch\u016f v zimn\u00ed sez\u00f3n\u011b!<\/p>\n\n\n\n<p>V ten sam\u00fd v\u00edkend se v Krnov\u011b konalo prvn\u00ed kolo \u010cesk\u00e9ho poh\u00e1ru v d\u00e1lkov\u00e9m plav\u00e1n\u00ed.<\/p>\n\n\n\n<p>Kde dos\u00e1hl v\u00fdborn\u00e9ho v\u00fdkonu Ji\u0159\u00ed Z\u00e1topek, kter\u00fd p\u0159ekonal \u010cesk\u00fd \u017e\u00e1kovsk\u00fd rekord v d\u00e1lkov\u00e9m plav\u00e1n\u00ed na 5 km. Poprv\u00e9 v historii se dostal pod hodinu a to \u010dasem 0:58:59:2. K tomu p\u0159idal t\u0159et\u00ed m\u00edsto v celkov\u00e9m hodnocen\u00ed.<\/p>\n\n\n\n<p>Obrovsk\u00e1 gratulace!<\/p>\n\n\n\n<p>V\u00fdsledky klubu: <a href=\"https:\/\/skkoprivnice.cz\/wp-content\/uploads\/2023\/10\/vysledky_VC_Krnov.pdf\">v\u00fdsledky_VC_Krnov<\/a><\/p>\n\n\n\n<p>V\u00fdsledky d\u00e1lkov\u00e9: <a href=\"https:\/\/skkoprivnice.cz\/wp-content\/uploads\/2023\/10\/vysledky_5km.pdf\">v\u00fdsledky_5km<\/a><\/p>\n\n\n<div class=\"wp-block-image\">\n<figure class=\"aligncenter\"><img loading=\"lazy\" width=\"1600\" height=\"1200\" src=\"https:\/\/skkoprivnice.cz\/wp-content\/uploads\/2023\/10\/VC-Krnova.jpg\" alt=\"\" class=\"wp-image-1902\" srcset=\"https:\/\/skkoprivnice.cz\/wp-content\/uploads\/2023\/10\/VC-Krnova.jpg 1600w, https:\/\/skkoprivnice.cz\/wp-content\/uploads\/2023\/10\/VC-Krnova-300x225.jpg 300w, https:\/\/skkoprivnice.cz\/wp-content\/uploads\/2023\/10\/VC-Krnova-1024x768.jpg 1024w, https:\/\/skkoprivnice.cz\/wp-content\/uploads\/2023\/10\/VC-Krnova-768x576.jpg 768w, https:\/\/skkoprivnice.cz\/wp-content\/uploads\/2023\/10\/VC-Krnova-1536x1152.jpg 1536w\" sizes=\"(max-width: 1600px) 100vw, 1600px\" \/><\/figure><\/div>\n\n\n<h4><strong>Velk\u00e1 cena Kop\u0159ivnice &#8211; 28. ro\u010dn\u00edk<\/strong><\/h4>\n\n\n\n<p>V&nbsp;p\u00e1tek 29. a v&nbsp;sobotu 30. 9. 2023 se uskute\u010dnil 28. ro\u010dn\u00edk Velk\u00e9 ceny m\u011bsta Kop\u0159ivnice v plav\u00e1n\u00ed. T\u011bchto z\u00e1vod\u016f se z\u00fa\u010dastnilo celkem 14 dom\u00e1c\u00edch plavc\u016f a hned \u010dty\u0159i si vyplavali poh\u00e1ry za nejlep\u0161\u00ed bodov\u00e9 v\u00fdkony jednotlivc\u016f.<\/p>\n\n\n\n<p>Nejcenn\u011bj\u0161\u00ed poh\u00e1r vybojoval Ji\u0159\u00ed Z\u00e1topek za 800 VZ a bronzovou p\u0159\u00ed\u010dku z&nbsp;hlediska bodov\u00fdch v\u00fdkon\u016f zaznamenali Ond\u0159ej Galia (400 VZ), Michaela Richterov\u00e1 (50 VZ) a Vendula Schwarzov\u00e1 (800 VZ).<\/p>\n\n\n\n<p>Na medailov\u00fdch p\u0159\u00ed\u010dk\u00e1ch v&nbsp;jednotliv\u00fdch discipl\u00edn\u00e1ch se um\u00edstili:<\/p>\n\n\n\n<p>Radim Lacina vybojoval dvakr\u00e1t t\u0159et\u00ed m\u00edsto (100 Z, 200 Z). M\u00ed\u0161a Richterov\u00e1 vyplavala st\u0159\u00edbro (50 VZ) a bronz (200 Z). Stejn\u011b skon\u010dila tak\u00e9 Venda Schwarzov\u00e1 na 800 VZ (2. m\u00edsto) a na 200 Z (3. m\u00edsto). Suver\u00e9nn\u011b ve sv\u00fdch discipl\u00edn\u00e1ch v\u00edt\u011bzil Jirka Z\u00e1topek, a to hned p\u011btkr\u00e1t (200 Z, 400 VZ, 200 VZ, 400 PZ, 800 VZ), k&nbsp;tomu p\u0159idal je\u0161t\u011b jednu t\u0159et\u00ed p\u0159\u00ed\u010dku (100 PZ).<\/p>\n\n\n\n<p>V\u0161ichni plavci uk\u00e1zali formu na za\u010d\u00e1tku sez\u00f3ny a t\u011b\u0161\u00edme se na nadch\u00e1zej\u00edc\u00ed zimn\u00ed \u010d\u00e1st.<\/p>\n\n\n\n<p>V\u00fdsledky: <a href=\"https:\/\/skkoprivnice.cz\/wp-content\/uploads\/2023\/10\/vysledky_klubu-_VC-_Koprivnice.pdf\">v\u00fdsledky_klubu _VC _Kop\u0159ivnice<\/a><\/p>\n\n\n<div class=\"wp-block-image\">\n<figure class=\"aligncenter\"><img loading=\"lazy\" width=\"800\" height=\"600\" src=\"https:\/\/skkoprivnice.cz\/wp-content\/uploads\/2023\/10\/VC-Koprivnice.jpg\" alt=\"\" class=\"wp-image-1896\" srcset=\"https:\/\/skkoprivnice.cz\/wp-content\/uploads\/2023\/10\/VC-Koprivnice.jpg 800w, https:\/\/skkoprivnice.cz\/wp-content\/uploads\/2023\/10\/VC-Koprivnice-300x225.jpg 300w, https:\/\/skkoprivnice.cz\/wp-content\/uploads\/2023\/10\/VC-Koprivnice-768x576.jpg 768w\" sizes=\"(max-width: 800px) 100vw, 800px\" \/><\/figure><\/div>\n\n\n<h4><strong>KP\u017d &#8211; dlouh\u00e9 trat\u011b<\/strong><\/h4>\n\n\n\n<p>V sobotu 23. 9. 2023 se na nov\u011b rekonstruovan\u00e9m baz\u00e9n\u011b v Karvin\u00e9 konaly Krajsk\u00e9 p\u0159ebory \u017eactva na dlouh\u00fdch trat\u00edch (800 VZ a 1500 VZ). T\u011bchto z\u00e1vod\u016f se z\u00fa\u010dastnilo 12 plavc\u016f na\u0161eho klubu, z toho polovina vybojovala zlatou medaili a v\u011bt\u0161ina si zaplavala sv\u00e1 osobn\u00ed maxima.<\/p>\n\n\n\n<p>Gratulujeme k p\u0159edveden\u00fdm v\u00fdkon\u016fm!<\/p>\n\n\n\n<p>V\u00fdsledky klubu: <a href=\"https:\/\/skkoprivnice.cz\/wp-content\/uploads\/2023\/09\/vysledky-klubu-KPZ-dlouhe-trate.pdf\">v\u00fdsledky klubu-KP\u017d dlouh\u00e9 trat\u011b<\/a><\/p>\n\n\n<div class=\"wp-block-image\">\n<figure class=\"aligncenter\"><img loading=\"lazy\" width=\"1600\" height=\"1200\" src=\"https:\/\/skkoprivnice.cz\/wp-content\/uploads\/2023\/09\/KPZ-dlouhe-trate.jpg\" alt=\"\" class=\"wp-image-1887\" srcset=\"https:\/\/skkoprivnice.cz\/wp-content\/uploads\/2023\/09\/KPZ-dlouhe-trate.jpg 1600w, https:\/\/skkoprivnice.cz\/wp-content\/uploads\/2023\/09\/KPZ-dlouhe-trate-300x225.jpg 300w, https:\/\/skkoprivnice.cz\/wp-content\/uploads\/2023\/09\/KPZ-dlouhe-trate-1024x768.jpg 1024w, https:\/\/skkoprivnice.cz\/wp-content\/uploads\/2023\/09\/KPZ-dlouhe-trate-768x576.jpg 768w, https:\/\/skkoprivnice.cz\/wp-content\/uploads\/2023\/09\/KPZ-dlouhe-trate-1536x1152.jpg 1536w\" sizes=\"(max-width: 1600px) 100vw, 1600px\" \/><\/figure><\/div>\n\n\n<h4><strong>Letn\u00ed Mistrovstv\u00ed \u010cesk\u00e9 republiky<\/strong><\/h4>\n\n\n\n<p>Od \u010dtvrtku 29. 6. do ned\u011ble 2. 7. 2023 se v Praze konalo Letn\u00ed Mistrovstv\u00ed \u010cesk\u00e9 republiky, kter\u00e9 bylo z\u00e1rove\u0148 \u010dtvrt\u00fdm kolem \u010cesk\u00e9ho poh\u00e1ru.<\/p>\n\n\n\n<p>Na t\u011bchto z\u00e1vodech n\u00e1\u0161 klub reprezentovala dvojice star\u0161\u00edch juniorek \u0160\u00e1rka Jadrn\u00ed\u010dkov\u00e1 a Vendula Schwarzov\u00e1.<\/p>\n\n\n\n<p>Tento m\u00edtink byl posledn\u00edm v celkem poveden\u00e9 letn\u00ed sez\u00f3n\u011b roku 2023. \u010casy m\u00edrn\u011b zaostaly za osobn\u00edmi rekordy, ale vzhledem k podm\u00ednk\u00e1m na venkovn\u00edm baz\u00e9n\u011b a obrovsk\u00e9 konkurenci to byly z\u00e1vody vcelku vyda\u0159en\u00e9.<\/p>\n\n\n\n<p>D\u011bkujeme holk\u00e1m za reprezentaci a p\u0159ejeme hodn\u011b \u00fasp\u011bch\u016f v zimn\u00ed sez\u00f3n\u011b!<\/p>\n\n\n\n<p>V\u00fdsledky klubu: <a href=\"https:\/\/skkoprivnice.cz\/wp-content\/uploads\/2023\/07\/vysledky-klubu-LMCR.pdf\">v\u00fdsledky klubu LM\u010cR<\/a><\/p>\n\n\n<div class=\"wp-block-image\">\n<figure class=\"aligncenter\"><img loading=\"lazy\" width=\"2560\" height=\"1920\" src=\"https:\/\/skkoprivnice.cz\/wp-content\/uploads\/2023\/07\/LMCR-Praha-scaled.jpg\" alt=\"\" class=\"wp-image-1824\" srcset=\"https:\/\/skkoprivnice.cz\/wp-content\/uploads\/2023\/07\/LMCR-Praha-scaled.jpg 2560w, https:\/\/skkoprivnice.cz\/wp-content\/uploads\/2023\/07\/LMCR-Praha-300x225.jpg 300w, https:\/\/skkoprivnice.cz\/wp-content\/uploads\/2023\/07\/LMCR-Praha-1024x768.jpg 1024w, https:\/\/skkoprivnice.cz\/wp-content\/uploads\/2023\/07\/LMCR-Praha-768x576.jpg 768w, https:\/\/skkoprivnice.cz\/wp-content\/uploads\/2023\/07\/LMCR-Praha-1536x1152.jpg 1536w, https:\/\/skkoprivnice.cz\/wp-content\/uploads\/2023\/07\/LMCR-Praha-2048x1536.jpg 2048w\" sizes=\"(max-width: 2560px) 100vw, 2560px\" \/><\/figure><\/div>\n\n\n<h4><strong>Velk\u00e1 cena Nov\u00e9ho Ji\u010d\u00edna<\/strong><\/h4>\n\n\n\n<p>Sedm kop\u0159ivnick\u00fdch plavc\u016f se v&nbsp;sobotu 24. 6. 2023 z\u00fa\u010dastnilo 2. ro\u010dn\u00edku Velk\u00e9 ceny Nov\u00e9ho Ji\u010d\u00edna. Z\u00e1vody se konaly na venkovn\u00edm pades\u00e1timetrov\u00e9m baz\u00e9n\u011b a pro v\u011bt\u0161inu to byly posledn\u00ed plaveck\u00e9 z\u00e1vody leto\u0161n\u00ed letn\u00ed sez\u00f3ny.&nbsp; Celkem si odvezli deset medail\u00ed.<\/p>\n\n\n\n<p>Nejv\u00edce jich posb\u00edral Jirka Z\u00e1topek, kter\u00fd zv\u00edt\u011bzil i v&nbsp;hlavn\u00edm z\u00e1vodu na 200 PZ. D\u00e1le p\u0159idal zlatou medaili (200 VZ), dv\u011b st\u0159\u00edbrn\u00e9 (100 M, 100 Z) a jeden bronz (50 M). O dal\u0161\u00ed se zaslou\u017eila Ad\u00e9la Ka\u0161p\u00e1rkov\u00e1, kter\u00e1 si vyplavala t\u0159i st\u0159\u00edbrn\u00e9 (100 P, 200 P, 200 M) a jednu bronzovou medaili (100 M). A o posledn\u00ed medaili se postarala M\u00ed\u0161a Richterov\u00e1, kter\u00e1 na 100 Z&nbsp;sko\u010dila t\u0159et\u00ed.<\/p>\n\n\n\n<p>V\u0161em z\u00fa\u010dastn\u011bn\u00fdm gratulujeme!<\/p>\n\n\n\n<p>V\u00fdsledky klubu: <a href=\"https:\/\/skkoprivnice.cz\/wp-content\/uploads\/2023\/06\/vysledky-klubu-VCNJ.pdf\">v\u00fdsledky klubu VCNJ<\/a><\/p>\n\n\n<div class=\"wp-block-image\">\n<figure class=\"aligncenter\"><img loading=\"lazy\" width=\"1600\" height=\"1201\" src=\"https:\/\/skkoprivnice.cz\/wp-content\/uploads\/2023\/06\/VCNJ.jpg\" alt=\"\" class=\"wp-image-1817\" srcset=\"https:\/\/skkoprivnice.cz\/wp-content\/uploads\/2023\/06\/VCNJ.jpg 1600w, https:\/\/skkoprivnice.cz\/wp-content\/uploads\/2023\/06\/VCNJ-300x225.jpg 300w, https:\/\/skkoprivnice.cz\/wp-content\/uploads\/2023\/06\/VCNJ-1024x769.jpg 1024w, https:\/\/skkoprivnice.cz\/wp-content\/uploads\/2023\/06\/VCNJ-768x576.jpg 768w, https:\/\/skkoprivnice.cz\/wp-content\/uploads\/2023\/06\/VCNJ-1536x1153.jpg 1536w\" sizes=\"(max-width: 1600px) 100vw, 1600px\" \/><\/figure><\/div>\n\n\n<h4><strong>Letn\u00ed Mistrovstv\u00ed \u010cR (r. n. 2009 a 2010)<\/strong><\/h4>\n\n\n\n<p>O uplynul\u00e9m v\u00edkendu 17. 6. \u2013 18. 6. 2023 prob\u011bhlo v&nbsp;Plzni Letn\u00ed Mistrovstv\u00ed \u010cesk\u00e9 republiky pro plavce ro\u010dn\u00edku narozen\u00ed 2009 a 2010. N\u00e1\u0161 klub reprezentovala hned \u010dtve\u0159ice plavc\u016f Karol\u00edna Ka\u0161p\u00e1rkov\u00e1, Michaela Richterov\u00e1, Jakub Kvita a Ji\u0159\u00ed Z\u00e1topek (v\u0161ichni r. n. 2010).<\/p>\n\n\n\n<p>Nejl\u00e9pe si vedl Jirka Z\u00e1topek, kter\u00fd v\u0161echny sv\u00e9 starty prom\u011bnil v&nbsp;medaili. Titul Mistra \u010cR si vyplaval na 200 VZ. St\u0159\u00edbro bral celkem \u010dty\u0159ikr\u00e1t (200 M, 200 Z, 400 PZ, 400 VZ) a na 1500 VZ skon\u010dil t\u0159et\u00ed. Ke sv\u00fdm medailov\u00fdm um\u00edst\u011bn\u00edm p\u0159idal je\u0161t\u011b t\u0159et\u00ed p\u0159\u00ed\u010dku v&nbsp;celkov\u00e9m hodnocen\u00ed DRoP Cupu. O dal\u0161\u00ed um\u00edst\u011bn\u00ed v&nbsp;TOP10 se postarala M\u00ed\u0161a Richterov\u00e1, kter\u00e1 skon\u010dila des\u00e1t\u00e1 na 50 VZ a 100 VZ. Kubovi Kvitovi se nejl\u00e9pe poda\u0159ilo zaplavat 1500 VZ, kde skon\u010dil na dvan\u00e1ct\u00e9m m\u00edst\u011b. A v&nbsp;tomto i ve v\u0161ech sv\u00fdch ostatn\u00edch startech si dok\u00e1zal vytvo\u0159it nov\u00e9 osobn\u00ed rekordy. K\u00e1ja Ka\u0161p\u00e1rkov\u00e1 plavala na hranici sv\u00fdch osobn\u00edch rekord\u016f, kter\u00e9 sta\u010dily nejl\u00e9pe na dvac\u00e1t\u00e9 druh\u00e9 m\u00edsto v&nbsp;discipl\u00edn\u011b 400 PZ.<\/p>\n\n\n\n<p>Celkov\u00e9 21. m\u00edsto zaznamenali je\u0161t\u011b ve sm\u00ed\u0161en\u00e9 \u0161tafet\u011b na 4 x 50 VZ.<\/p>\n\n\n\n<p>Gratulujeme k&nbsp;p\u0159edveden\u00fdm v\u00fdkon\u016fm a d\u011bkujeme za reprezentaci klubu!<\/p>\n\n\n\n<p>V\u00fdsledky klubu: <a href=\"https:\/\/skkoprivnice.cz\/wp-content\/uploads\/2023\/06\/vysledky-klubu-MCR-Plzen.pdf\">v\u00fdsledky klubu M\u010cR Plze\u0148<\/a><\/p>\n\n\n\n<p>Celkov\u00e9 v\u00fdsledky: <a href=\"https:\/\/skkoprivnice.cz\/wp-content\/uploads\/2023\/06\/LMCRStzactva2023_vysledky.pdf\">LM\u010cRSt\u017eactva2023_vysledky<\/a><\/p>\n\n\n<div class=\"wp-block-image\">\n<figure class=\"aligncenter\"><img loading=\"lazy\" width=\"1014\" height=\"760\" src=\"https:\/\/skkoprivnice.cz\/wp-content\/uploads\/2023\/06\/plzen-mcr.jpg\" alt=\"\" class=\"wp-image-1805\" srcset=\"https:\/\/skkoprivnice.cz\/wp-content\/uploads\/2023\/06\/plzen-mcr.jpg 1014w, https:\/\/skkoprivnice.cz\/wp-content\/uploads\/2023\/06\/plzen-mcr-300x225.jpg 300w, https:\/\/skkoprivnice.cz\/wp-content\/uploads\/2023\/06\/plzen-mcr-768x576.jpg 768w\" sizes=\"(max-width: 1014px) 100vw, 1014px\" \/><\/figure><\/div>\n\n\n<h4><strong>Letn\u00ed poh\u00e1r \u010cR jeden\u00e1ctilet\u00fdch &#8211; Morava<\/strong><\/h4>\n\n\n\n<p>Ve stejnou sobotu, jako poh\u00e1r desetilet\u00e9ho \u017eactva, se v&nbsp;Hav\u00ed\u0159ov\u011b konal Letn\u00ed poh\u00e1r jeden\u00e1ctilet\u00fdch pro oblast Morava. Z&nbsp;kop\u0159ivnick\u00e9ho klubu n\u00e1s reprezentovala hned trojice plavc\u016f, kter\u00fdmi byli Ond\u0159ej Galia, Nela Mach\u00e1\u010dkov\u00e1 a Nikol Vy\u0161kovsk\u00e1.<\/p>\n\n\n\n<p>Nikol se na v\u0161echny sv\u00e9 starty s&nbsp;v\u00fdjimkou jednoho um\u00edstila v&nbsp;TOP10 a vylep\u0161ila si v\u0161echna sv\u00e1 osobn\u00ed maxima. Nela se v&nbsp;leto\u0161n\u00ed sez\u00f3n\u011b z\u00fa\u010dastnila sv\u00fdch prvn\u00edch z\u00e1vod\u016f a kvalifikace na poh\u00e1r byla pro ni odm\u011bnou a velkou zku\u0161enost\u00ed. Ondrovi utekla bronzov\u00e1 medaile na 200 voln\u00fd zp\u016fsob o pouh\u00fdch \u0161estn\u00e1ct setin sekundy a celkov\u011b skon\u010dil \u010dtvrt\u00fd. Do TOP10 se Ondrovi poda\u0159ilo probojovat je\u0161t\u011b dvakr\u00e1t a to na 400 voln\u00fd zp\u016fsob a 100 znak.<\/p>\n\n\n\n<p>Gratulujeme k&nbsp;dosa\u017een\u00fdm v\u00fdsledk\u016fm a d\u011bkujeme za vzornou reprezentaci klubu.<\/p>\n\n\n\n<p>V\u00fdsledky klubu:&nbsp; <a href=\"https:\/\/skkoprivnice.cz\/wp-content\/uploads\/2023\/06\/vysledky-klubu-jedenactileti.pdf\">v\u00fdsledky klub\u016f jeden\u00e1ctilet\u00ed<\/a><\/p>\n\n\n\n<p>Celkov\u00e9 v\u00fdsledky: <a href=\"https:\/\/skkoprivnice.cz\/wp-content\/uploads\/2023\/06\/VYSLEDKY.pdf\">V\u00ddSLEDKY<\/a><\/p>\n\n\n<div class=\"wp-block-image\">\n<figure class=\"aligncenter\"><img loading=\"lazy\" width=\"730\" height=\"973\" src=\"https:\/\/skkoprivnice.cz\/wp-content\/uploads\/2023\/06\/pohar-morava-jedenactileti.jpg\" alt=\"\" class=\"wp-image-1783\" srcset=\"https:\/\/skkoprivnice.cz\/wp-content\/uploads\/2023\/06\/pohar-morava-jedenactileti.jpg 730w, https:\/\/skkoprivnice.cz\/wp-content\/uploads\/2023\/06\/pohar-morava-jedenactileti-225x300.jpg 225w\" sizes=\"(max-width: 730px) 100vw, 730px\" \/><\/figure><\/div>\n\n\n<h4><strong>Letn\u00ed poh\u00e1r \u010cR desetilet\u00fdch &#8211; Morava<\/strong><\/h4>\n\n\n\n<p>V sobotu 10. 6. 2023 se v Prost\u011bjov\u011b uskute\u010dnil Letn\u00ed poh\u00e1r \u010cR desetilet\u00e9ho \u017eactva oblasti Morava. Tyto z\u00e1vody byly nejv\u011bt\u0161\u00ed vrchol letn\u00ed sez\u00f3ny pro nejmlad\u0161\u00ed plavce. Z na\u0161eho klubu se z\u00e1vod\u016f z\u00fa\u010dastnil pouze Jaroslav R\u016f\u017ei\u010dka.<\/p>\n\n\n\n<p>Jaroslav se dok\u00e1zal hned dvakr\u00e1t um\u00edstit v TOP10, a to na 100 prsa, kde skon\u010dil osm\u00fd a na 100 znak obsadil des\u00e1t\u00e9 m\u00edsto. V dal\u0161\u00edch discipl\u00edn\u00e1ch si vedl velice dob\u0159e a zaplaval si p\u011bkn\u00e9 osobn\u00ed rekordy.<\/p>\n\n\n\n<p>D\u011bkujeme za reprezentaci a gratulujeme k dosa\u017een\u00fdm v\u00fdsledk\u016fm!<\/p>\n\n\n\n<p>V\u00fdsledky klubu: <a href=\"https:\/\/skkoprivnice.cz\/wp-content\/uploads\/2023\/06\/vysledky-klubu-desetileti.pdf\">v\u00fdsledky klub\u016f desetilet\u00ed<\/a><\/p>\n\n\n\n<p>Celkov\u00e9 v\u00fdsledky: <a href=\"https:\/\/skkoprivnice.cz\/wp-content\/uploads\/2023\/06\/Vysledky_PCR_10letych_PV_2023.pdf\">V\u00fdsledky_P\u010cR_10let\u00fdch_PV_2023<\/a><\/p>\n\n\n<div class=\"wp-block-image\">\n<figure class=\"aligncenter\"><img loading=\"lazy\" width=\"1600\" height=\"1200\" src=\"https:\/\/skkoprivnice.cz\/wp-content\/uploads\/2023\/06\/pohar-morava-desetileti.jpg\" alt=\"\" class=\"wp-image-1774\" srcset=\"https:\/\/skkoprivnice.cz\/wp-content\/uploads\/2023\/06\/pohar-morava-desetileti.jpg 1600w, https:\/\/skkoprivnice.cz\/wp-content\/uploads\/2023\/06\/pohar-morava-desetileti-300x225.jpg 300w, https:\/\/skkoprivnice.cz\/wp-content\/uploads\/2023\/06\/pohar-morava-desetileti-1024x768.jpg 1024w, https:\/\/skkoprivnice.cz\/wp-content\/uploads\/2023\/06\/pohar-morava-desetileti-768x576.jpg 768w, https:\/\/skkoprivnice.cz\/wp-content\/uploads\/2023\/06\/pohar-morava-desetileti-1536x1152.jpg 1536w\" sizes=\"(max-width: 1600px) 100vw, 1600px\" \/><\/figure><\/div>\n\n\n<h4><strong>Letn\u00ed mistrovstv\u00ed \u010cR junior\u016f 2023<\/strong><\/h4>\n\n\n\n<p>B\u011bhem v\u00edkendu od 26. 5. do 28. 5. 2023 se v&nbsp;Liberci konalo Mistrovstv\u00ed \u010cesk\u00e9 republiky junior\u016f.&nbsp; Na z\u00e1vody odjelo celkem p\u011bt plavc\u016f z&nbsp;kop\u0159ivnick\u00e9ho klubu pod veden\u00edm tren\u00e9ra Ji\u0159\u00edho Jadrn\u00ed\u010dka. V&nbsp;kategorii mlad\u0161\u00edch junior\u016f (r. n. 2007 a 2008) n\u00e1\u0161 klub reprezentovali Am\u00e1lie Dvo\u0159\u00e1kov\u00e1 a Samuel Schneiderka. A ve star\u0161\u00ed kategorii (r. n. 2005 a 2006) n\u00e1\u0161 klub zastupovala hned t\u0159i d\u011bv\u010data, \u0160\u00e1rka Jadrn\u00ed\u010dkov\u00e1, Barbora Jal\u016fvkov\u00e1 a Vendula Schwarzov\u00e1.<\/p>\n\n\n\n<p>Pro v\u0161echny bylo Mistrovstv\u00ed \u010cesk\u00e9 republiky vrcholem leto\u0161n\u00ed letn\u00ed sez\u00f3ny a samotn\u00e1 kvalifikace na tento m\u00edtink byla pro n\u011b \u00fasp\u011bchem a odm\u011bnou za velk\u00e9 \u00fasil\u00ed v\u011bnovan\u00e9 p\u0159\u00edprav\u011b.<\/p>\n\n\n\n<p>Nejlep\u0161\u00ed um\u00edst\u011bn\u00ed zaznamenaly \u0160\u00e1rka a Vendula, kter\u00e9 se dok\u00e1zaly kvalifikovat do fin\u00e1le na 200&nbsp;m znak, kde ob\u011b dv\u011b vylep\u0161ily sv\u00e9 um\u00edst\u011bn\u00ed z&nbsp;rozplaveb. V&nbsp;t\u00e9to discipl\u00edn\u011b se nakonec \u0160\u00e1rka um\u00edstila na kr\u00e1sn\u00e9m p\u00e1t\u00e9m m\u00edst\u011b a Vendula skon\u010dila sedm\u00e1. Dal\u0161\u00ed um\u00edst\u011bn\u00ed v&nbsp;TOP10 zaznamenala Vendula v&nbsp;discipl\u00edn\u011b 1500&nbsp;m voln\u00fd zp\u016fsob a \u0160\u00e1rka na 100&nbsp;m znak.<\/p>\n\n\n\n<p>V\u0161em d\u011bkujeme za vzornou reprezentaci klubu a k&nbsp;dosa\u017een\u00fdm v\u00fdsledk\u016fm gratulujeme!<\/p>\n\n\n\n<p>Dal\u0161\u00ed v\u00fdsledky na\u0161ich plavc\u016f z M\u010cR J naleznete zde: <a href=\"https:\/\/skkoprivnice.cz\/wp-content\/uploads\/2023\/06\/vysledky-klubu-MCR-Liberec.pdf\">v\u00fdsledky klub\u016f M\u010cR Liberec<\/a><\/p>\n\n\n\n<p>Celkov\u00e9 v\u00fdsledky: <a href=\"https:\/\/skkoprivnice.cz\/wp-content\/uploads\/2023\/06\/vysledky.pdf\">v\u00fdsledky<\/a><\/p>\n\n\n<div class=\"wp-block-image\">\n<figure class=\"aligncenter\"><img loading=\"lazy\" width=\"2120\" height=\"1591\" src=\"https:\/\/skkoprivnice.cz\/wp-content\/uploads\/2023\/06\/MCR-Liberec.jpg\" alt=\"\" class=\"wp-image-1758\" srcset=\"https:\/\/skkoprivnice.cz\/wp-content\/uploads\/2023\/06\/MCR-Liberec.jpg 2120w, https:\/\/skkoprivnice.cz\/wp-content\/uploads\/2023\/06\/MCR-Liberec-300x225.jpg 300w, https:\/\/skkoprivnice.cz\/wp-content\/uploads\/2023\/06\/MCR-Liberec-1024x768.jpg 1024w, https:\/\/skkoprivnice.cz\/wp-content\/uploads\/2023\/06\/MCR-Liberec-768x576.jpg 768w, https:\/\/skkoprivnice.cz\/wp-content\/uploads\/2023\/06\/MCR-Liberec-1536x1153.jpg 1536w, https:\/\/skkoprivnice.cz\/wp-content\/uploads\/2023\/06\/MCR-Liberec-2048x1537.jpg 2048w\" sizes=\"(max-width: 2120px) 100vw, 2120px\" \/><\/figure><\/div>\n\n\n<h4><strong>Krajsk\u00fd p\u0159ebor star\u0161\u00edho \u017eactva &#8211; jaro 2023<\/strong><\/h4>\n\n\n\n<p>O uplynul\u00e9m v\u00edkendu (26. \u2013 27. 5. 2023) se v&nbsp;Hav\u00ed\u0159ov\u011b konal Krajsk\u00fd p\u0159ebor star\u0161\u00edho \u017eactva. Kvalifika\u010dn\u00ed z\u00e1vody na Mistrovstv\u00ed \u010cesk\u00e9 republiky pro plavce ro\u010dn\u00edku narozen\u00ed 2009 \u2013 2011. &nbsp;N\u00e1\u0161 klub reprezentovalo celkem dvan\u00e1ct z\u00e1vodn\u00edk\u016f.<\/p>\n\n\n\n<p>Nejl\u00e9pe si vedli Michaela Richterov\u00e1 a Ji\u0159\u00ed Z\u00e1topek, kte\u0159\u00ed v\u0161echny sv\u00e9 starty prom\u011bnili ve zlatou medaili. D\u00e1le Karol\u00edna Ka\u0161p\u00e1rkov\u00e1 vybojovala t\u0159ikr\u00e1t um\u00edst\u011bn\u00ed na nejvy\u0161\u0161\u00edm stupni a k&nbsp;tomu p\u0159idala je\u0161t\u011b dv\u011b st\u0159\u00edbra. Prvn\u00ed m\u00edsto a st\u0159\u00edbrnou medaili slavil tak\u00e9 Daniel \u0160upa. A zisk celkem \u010dty\u0159 bronzov\u00fdch medail\u00ed si na p\u016fl rozd\u011blili Krist\u00fdna Konvi\u010dkov\u00e1 a Jakub Kvita.<\/p>\n\n\n\n<p>T\u0159e\u0161ni\u010dkou na dortu byla bronzov\u00e1 medaile ve \u0161tafet\u011b na 4 x 50&nbsp;m&nbsp;polohov\u00fd z\u00e1vod ve slo\u017een\u00ed Daniel \u0160upa, Ji\u0159\u00ed R\u016f\u017ei\u010dka, Ji\u0159\u00ed Z\u00e1topek a Jakub Kvita.<\/p>\n\n\n\n<p>V\u0161em z\u00fa\u010dastn\u011bn\u00fdm gratulujeme k&nbsp;osobn\u00edm rekord\u016fm a t\u011b\u0161\u00edme se na v\u00e1s na M\u010cR!<\/p>\n\n\n\n<p>V\u00fdsledky plavc\u016f: <a href=\"https:\/\/skkoprivnice.cz\/wp-content\/uploads\/2023\/05\/vysledky-klubu_KPZ-starsi.pdf\">v\u00fdsledky klub\u016f_KP\u017d star\u0161\u00ed<\/a><\/p>\n\n\n\n<p>Celkov\u00e9 v\u00fdsledky: <a href=\"https:\/\/skkoprivnice.cz\/wp-content\/uploads\/2023\/05\/Vysledky_KPZ_HAVIROV_FINAL.pdf\">Vysledky_KPZ_HAVIROV_FINAL<\/a><\/p>\n\n\n<div class=\"wp-block-image\">\n<figure class=\"aligncenter\"><img loading=\"lazy\" width=\"2016\" height=\"1512\" src=\"https:\/\/skkoprivnice.cz\/wp-content\/uploads\/2023\/05\/KPZ_starsi-zactvo.jpg\" alt=\"\" class=\"wp-image-1749\" srcset=\"https:\/\/skkoprivnice.cz\/wp-content\/uploads\/2023\/05\/KPZ_starsi-zactvo.jpg 2016w, https:\/\/skkoprivnice.cz\/wp-content\/uploads\/2023\/05\/KPZ_starsi-zactvo-300x225.jpg 300w, https:\/\/skkoprivnice.cz\/wp-content\/uploads\/2023\/05\/KPZ_starsi-zactvo-1024x768.jpg 1024w, https:\/\/skkoprivnice.cz\/wp-content\/uploads\/2023\/05\/KPZ_starsi-zactvo-768x576.jpg 768w, https:\/\/skkoprivnice.cz\/wp-content\/uploads\/2023\/05\/KPZ_starsi-zactvo-1536x1152.jpg 1536w\" sizes=\"(max-width: 2016px) 100vw, 2016px\" \/><\/figure><\/div>\n\n\n<h4><strong>Krajsk\u00fd p\u0159ebor mlad\u0161\u00edho \u017eactva &#8211; jaro 2023<\/strong><\/h4>\n\n\n\n<p>V&nbsp;sobotu 20. 5. 2023 se v&nbsp;Krnov\u011b konaly dal\u0161\u00ed z\u00e1vody, tentokr\u00e1t pro na\u0161e nejmlad\u0161\u00ed plavce. P\u0159eboru se z\u00fa\u010dastnilo dev\u011bt d\u011bt\u00ed z&nbsp;SK Kop\u0159ivnice. Pro n\u011bkter\u00e9 to byla \u00fapln\u00e1 premi\u00e9ra, jin\u00ed si zase vyzkou\u0161eli dal\u0161\u00ed discipl\u00edny, kter\u00e9 dosud je\u0161t\u011b nikdy neplavali.<\/p>\n\n\n\n<p>P\u0159eborn\u00edky kraje se stali Ond\u0159ej Galia, Nikol Vy\u0161kovsk\u00e1 a Jaroslav R\u016f\u017ei\u010dka, kter\u00fd si odvezl dokonce t\u0159i tituly. Druh\u00e9 m\u00edsto si vybojovali Ond\u0159ej Galia, Tade\u00e1\u0161 Veselsk\u00fd a rovnou dvakr\u00e1t Jaroslav R\u016f\u017ei\u010dka. A na bronzov\u00e9 p\u0159\u00ed\u010dce se um\u00edstili Eva Pust\u011bjovsk\u00e1, Tade\u00e1\u0161 Veselsk\u00fd, Nikol Vy\u0161kovsk\u00e1 a t\u0159ikr\u00e1t Ond\u0159ej Galia.<\/p>\n\n\n\n<p>D\u011bkujeme za vzornou reprezentaci klubu a v\u0161em z\u00fa\u010dastn\u011bn\u00fdm gratulujeme!<\/p>\n\n\n\n<p>V\u00fdsledky na\u0161ich plavc\u016f: <a href=\"https:\/\/skkoprivnice.cz\/wp-content\/uploads\/2023\/05\/vysledky-jednotlivcu_KPZ-mladsi.pdf\">v\u00fdsledky jednotlivc\u016f_KP\u017d mlad\u0161\u00ed<\/a><\/p>\n\n\n\n<p>Celkov\u00e9 v\u00fdsledky: <a href=\"https:\/\/skkoprivnice.cz\/wp-content\/uploads\/2023\/05\/Vysledky_KPZ.pdf\">V\u00fdsledky_KP\u017d<\/a><\/p>\n\n\n<div class=\"wp-block-image\">\n<figure class=\"aligncenter\"><img loading=\"lazy\" width=\"1600\" height=\"1201\" src=\"https:\/\/skkoprivnice.cz\/wp-content\/uploads\/2023\/05\/KPZ-Krnov.jpg\" alt=\"\" class=\"wp-image-1741\" srcset=\"https:\/\/skkoprivnice.cz\/wp-content\/uploads\/2023\/05\/KPZ-Krnov.jpg 1600w, https:\/\/skkoprivnice.cz\/wp-content\/uploads\/2023\/05\/KPZ-Krnov-300x225.jpg 300w, https:\/\/skkoprivnice.cz\/wp-content\/uploads\/2023\/05\/KPZ-Krnov-1024x769.jpg 1024w, https:\/\/skkoprivnice.cz\/wp-content\/uploads\/2023\/05\/KPZ-Krnov-768x576.jpg 768w, https:\/\/skkoprivnice.cz\/wp-content\/uploads\/2023\/05\/KPZ-Krnov-1536x1153.jpg 1536w\" sizes=\"(max-width: 1600px) 100vw, 1600px\" \/><\/figure><\/div>\n\n\n<h4><strong>Velk\u00e1 cena Pardubic 2023<\/strong><\/h4>\n\n\n\n<p>Od p\u00e1tku 12. 5. do ned\u011ble 14. 5. 2023 se \u010dty\u0159i kop\u0159ivnick\u00e9 plavkyn\u011b z\u00fa\u010dastnily Velk\u00e9 ceny m\u011bsta Pardubic \u2013 2. kolo \u010cesk\u00e9ho poh\u00e1ru Arena Cupu.<\/p>\n\n\n\n<p>Do Pardubic odjely: Am\u00e1lie Dvo\u0159\u00e1kov\u00e1, Barbora Jal\u016fvkov\u00e1, Ad\u00e9la Ka\u0161p\u00e1rkov\u00e1 a Vendula Schwarzov\u00e1. Pro d\u011bv\u010data to byly posledn\u00ed kvalifika\u010dn\u00ed z\u00e1vody na nadch\u00e1zej\u00edc\u00ed Mistrovstv\u00ed \u010cesk\u00e9 republiky junior\u016f, kter\u00e9 se uskute\u010dn\u00ed u\u017e na konci kv\u011btna.<\/p>\n\n\n\n<p>Holk\u00e1m se povedlo poko\u0159it spoustu osobn\u00edch rekord\u016f a posunout se tak v&nbsp;\u010desk\u00fdch statistik\u00e1ch.<\/p>\n\n\n\n<p>Gratulujeme k&nbsp;v\u00fdkon\u016fm a t\u011b\u0161\u00edme se na V\u00e1s na M\u010cR!<\/p>\n\n\n\n<p>Celkov\u00e9 v\u00fdsledky: <a href=\"https:\/\/skkoprivnice.cz\/wp-content\/uploads\/2023\/05\/Vysledky-final-komplet.pdf\">Vysledky-final-komplet<\/a><\/p>\n\n\n\n<p>V\u00fdsledky na\u0161ich plavky\u0148: <a href=\"https:\/\/skkoprivnice.cz\/wp-content\/uploads\/2023\/05\/vysledky-klubu_VC-Pardubice.pdf\">v\u00fdsledky klub\u016f_VC Pardubice<\/a><\/p>\n\n\n<div class=\"wp-block-image\">\n<figure class=\"aligncenter\"><img loading=\"lazy\" width=\"1229\" height=\"923\" src=\"https:\/\/skkoprivnice.cz\/wp-content\/uploads\/2023\/05\/VC-Pardubice_spolecne-foto.jpg\" alt=\"\" class=\"wp-image-1734\" srcset=\"https:\/\/skkoprivnice.cz\/wp-content\/uploads\/2023\/05\/VC-Pardubice_spolecne-foto.jpg 1229w, https:\/\/skkoprivnice.cz\/wp-content\/uploads\/2023\/05\/VC-Pardubice_spolecne-foto-300x225.jpg 300w, https:\/\/skkoprivnice.cz\/wp-content\/uploads\/2023\/05\/VC-Pardubice_spolecne-foto-1024x769.jpg 1024w, https:\/\/skkoprivnice.cz\/wp-content\/uploads\/2023\/05\/VC-Pardubice_spolecne-foto-768x577.jpg 768w\" sizes=\"(max-width: 1229px) 100vw, 1229px\" \/><\/figure><\/div>\n\n\n<h4><strong>ORCA CUP 2023<\/strong><\/h4>\n\n\n\n<p>Od p\u00e1tku 5. do ned\u011ble 7. kv\u011btna 2023 se v&nbsp;Bratislav\u011b po\u0159\u00e1daly mezin\u00e1rodn\u00ed z\u00e1vody na dlouh\u00e9m baz\u00e9n\u011b.<\/p>\n\n\n\n<p>Tohoto m\u00edtinku se individu\u00e1ln\u011b z\u00fa\u010dastnili \u010dty\u0159i plavci \u0160\u00e1rka Jadrn\u00ed\u010dkov\u00e1, Michaela Richterov\u00e1, Vendula Schwarzov\u00e1 a Ji\u0159\u00ed Z\u00e1topek. N\u011bkte\u0159\u00ed si poprv\u00e9 vyzkou\u0161eli fin\u00e1le a dokonce si Jirka vybojoval druh\u00e9 m\u00edsto a M\u00ed\u0161a si vyplavala bronzovou medaili.<\/p>\n\n\n\n<p>Celkov\u00e9 v\u00fdsledky: <a href=\"https:\/\/skkoprivnice.cz\/wp-content\/uploads\/2023\/05\/vysledky-Orca-Cup-2023.pdf\">v\u00fdsledky Orca Cup 2023<\/a><\/p>\n\n\n<div class=\"wp-block-image\">\n<figure class=\"aligncenter\"><img loading=\"lazy\" width=\"2560\" height=\"1920\" src=\"https:\/\/skkoprivnice.cz\/wp-content\/uploads\/2023\/05\/ORCA-CUP-2023-foto-scaled.jpg\" alt=\"\" class=\"wp-image-1726\" srcset=\"https:\/\/skkoprivnice.cz\/wp-content\/uploads\/2023\/05\/ORCA-CUP-2023-foto-scaled.jpg 2560w, https:\/\/skkoprivnice.cz\/wp-content\/uploads\/2023\/05\/ORCA-CUP-2023-foto-300x225.jpg 300w, https:\/\/skkoprivnice.cz\/wp-content\/uploads\/2023\/05\/ORCA-CUP-2023-foto-1024x768.jpg 1024w, https:\/\/skkoprivnice.cz\/wp-content\/uploads\/2023\/05\/ORCA-CUP-2023-foto-768x576.jpg 768w, https:\/\/skkoprivnice.cz\/wp-content\/uploads\/2023\/05\/ORCA-CUP-2023-foto-1536x1152.jpg 1536w, https:\/\/skkoprivnice.cz\/wp-content\/uploads\/2023\/05\/ORCA-CUP-2023-foto-2048x1536.jpg 2048w\" sizes=\"(max-width: 2560px) 100vw, 2560px\" \/><\/figure><\/div>\n\n\n<h4><strong>DRoP Cup 2023<\/strong><\/h4>\n\n\n\n<p>Ve stejnou sobotu jako Z\u00e1pado\u010desk\u00fd poh\u00e1r tj. 22. 4. 2023 se konaly z\u00e1vody v&nbsp;Kop\u0159ivnici. Drop Cup \u2013 Moravskoslezsk\u00fd kraj byl ur\u010den\u00fd pro plavce ro\u010dn\u00edku narozen\u00ed 2009&nbsp;\u2013&nbsp;2013.<\/p>\n\n\n\n<p>Jedn\u00e1 se o z\u00e1vody v\u0161estrannosti, kde ka\u017ed\u00fd z\u00e1vodn\u00edk absolvuje p\u011btiboj. Ten se skl\u00e1d\u00e1 pro dvan\u00e1ctilet\u00e9 a\u017e \u010dtrn\u00e1ctilet\u00e9 \u017e\u00e1ky ze \u010dty\u0159 z\u00e1vod\u016f o 100 metrech ve v\u0161ech plaveck\u00fdch zp\u016fsobech (mot\u00fdlek, znak, prsa, voln\u00fd zp\u016fsob) a p\u00e1t\u00fdm z\u00e1vodem je bu\u010f 400&nbsp;m voln\u00fd zp\u016fsob nebo 200&nbsp;m polohov\u00fd z\u00e1vod. U deseti a jeden\u00e1ctilet\u00fdch \u017e\u00e1k\u016f pak \u010dty\u0159i pades\u00e1timetrov\u00e9 z\u00e1vody ve v\u0161ech plaveck\u00fdch zp\u016fsobech a 100&nbsp;m polohov\u00fd z\u00e1vod. Kone\u010dn\u00e9 po\u0159ad\u00ed pot\u00e9 ur\u010duje celkov\u00fd po\u010det FINA bod\u016f.<\/p>\n\n\n\n<p>Z&nbsp;na\u0161eho klubu se z\u00fa\u010dastnilo celkem t\u0159in\u00e1ct plavc\u016f a plavky\u0148 a v\u0161ichni p\u0159edvedli par\u00e1dn\u00ed v\u00fdkony.<\/p>\n\n\n\n<p>K&nbsp;dosa\u017een\u00fdm v\u00fdsledk\u016fm gratulujeme!<\/p>\n\n\n\n<p>V\u00fdsledky na\u0161ich plavc\u016f: <a href=\"https:\/\/skkoprivnice.cz\/wp-content\/uploads\/2023\/04\/vysledky-klubu_Drop-Cup.pdf\">v\u00fdsledky klub\u016f_Drop Cup<\/a><\/p>\n\n\n\n<p>Celkov\u00e9 v\u00fdsledky: <a href=\"https:\/\/skkoprivnice.cz\/wp-content\/uploads\/2023\/04\/Vysledky-FINAL.pdf\">Vysledky-FINAL<\/a><\/p>\n\n\n<div class=\"wp-block-image\">\n<figure class=\"aligncenter\"><img loading=\"lazy\" width=\"2560\" height=\"1920\" src=\"https:\/\/skkoprivnice.cz\/wp-content\/uploads\/2023\/04\/DRoP-CUP-scaled.jpg\" alt=\"\" class=\"wp-image-1711\" srcset=\"https:\/\/skkoprivnice.cz\/wp-content\/uploads\/2023\/04\/DRoP-CUP-scaled.jpg 2560w, https:\/\/skkoprivnice.cz\/wp-content\/uploads\/2023\/04\/DRoP-CUP-300x225.jpg 300w, https:\/\/skkoprivnice.cz\/wp-content\/uploads\/2023\/04\/DRoP-CUP-1024x768.jpg 1024w, https:\/\/skkoprivnice.cz\/wp-content\/uploads\/2023\/04\/DRoP-CUP-768x576.jpg 768w, https:\/\/skkoprivnice.cz\/wp-content\/uploads\/2023\/04\/DRoP-CUP-1536x1152.jpg 1536w, https:\/\/skkoprivnice.cz\/wp-content\/uploads\/2023\/04\/DRoP-CUP-2048x1536.jpg 2048w\" sizes=\"(max-width: 2560px) 100vw, 2560px\" \/><\/figure><\/div>\n\n\n<h4><strong>Z\u00e1pado\u010desk\u00fd poh\u00e1r 2023<\/strong><\/h4>\n\n\n\n<p>V&nbsp;p\u00e1tek 21. 4. a v&nbsp;sobotu 22. 4. 2023 se v&nbsp;Plzni uskute\u010dnily dal\u0161\u00ed z\u00e1vody na pades\u00e1timetrov\u00e9m baz\u00e9n\u011b, tentokr\u00e1t Z\u00e1pado\u010desk\u00fd poh\u00e1r.<\/p>\n\n\n\n<p>Z&nbsp;vlastn\u00ed iniciativy se z\u00e1vod\u016f z\u00fa\u010dastnili Samuel Schneiderka a Barbora Jal\u016fvkov\u00e1.<\/p>\n\n\n\n<p>Jejich v\u00fdsledky naleznete zde: <a href=\"https:\/\/skkoprivnice.cz\/wp-content\/uploads\/2023\/04\/vysledky-klubu_Zapadocesky-pohar.pdf\">v\u00fdsledky klub\u016f_Z\u00e1pado\u010desk\u00fd poh\u00e1r<\/a><\/p>\n\n\n\n<p>Celkov\u00e9 v\u00fdsledky: <a href=\"https:\/\/skkoprivnice.cz\/wp-content\/uploads\/2023\/04\/Vysledky_ZPCP2023.pdf\">V\u00fdsledky_ZP\u010cP2023<\/a><\/p>\n\n\n<div class=\"wp-block-image\">\n<figure class=\"aligncenter\"><img loading=\"lazy\" width=\"1024\" height=\"768\" src=\"https:\/\/skkoprivnice.cz\/wp-content\/uploads\/2023\/04\/Zapadocesky-pohar-2023-3.jpg\" alt=\"\" class=\"wp-image-1700\" srcset=\"https:\/\/skkoprivnice.cz\/wp-content\/uploads\/2023\/04\/Zapadocesky-pohar-2023-3.jpg 1024w, https:\/\/skkoprivnice.cz\/wp-content\/uploads\/2023\/04\/Zapadocesky-pohar-2023-3-300x225.jpg 300w, https:\/\/skkoprivnice.cz\/wp-content\/uploads\/2023\/04\/Zapadocesky-pohar-2023-3-768x576.jpg 768w\" sizes=\"(max-width: 1024px) 100vw, 1024px\" \/><\/figure><\/div>\n\n\n<h4><strong>Velk\u00e1 cena Ostravy 2023<\/strong><\/h4>\n\n\n\n<p>Od 14. 4. do 16. 4. 2023 se konal 30. ro\u010dn\u00edk Velk\u00e9 ceny Ostravy, kter\u00fd byl z\u00e1rove\u0148 prvn\u00edm kolem \u010cesk\u00e9ho poh\u00e1ru. Na tyto z\u00e1vody se dok\u00e1zalo kvalifikovat celkem sedm plavc\u016f z&nbsp;SK Kop\u0159ivnice, ale z\u00fa\u010dastnilo se nakonec jen \u0161est.<\/p>\n\n\n\n<p>Z\u00e1vodilo se na dlouh\u00e9m baz\u00e9n\u011b, kde padaly i nov\u00e9 osobn\u00ed rekordy. O nejv\u00edce se jich zaslou\u017eil Ji\u0159\u00ed Z\u00e1topek, kter\u00fd poko\u0159il v\u0161echny sv\u00e9 dosud zaplavan\u00e9 \u010dasy a dok\u00e1zal splnit hned \u010dty\u0159i limity do SCM (sportovn\u00ed centrum ml\u00e1de\u017ee).<\/p>\n\n\n\n<p>Gratulujeme k&nbsp;p\u0159edveden\u00fdm v\u00fdkon\u016fm!<\/p>\n\n\n\n<p>V\u00fdsledky na\u0161ich plavc\u016f: <a href=\"https:\/\/skkoprivnice.cz\/wp-content\/uploads\/2023\/04\/VC-Ostravy_vysledky-klubu.pdf\">VC Ostravy_v\u00fdsledky klub\u016f<\/a><\/p>\n\n\n\n<p>Celkov\u00e9 v\u00fdsledky: <a href=\"https:\/\/skkoprivnice.cz\/wp-content\/uploads\/2023\/04\/Results-FINAL-GP_OSTRAVA.pdf\">Results-FINAL-GP_OSTRAVA<\/a><\/p>\n\n\n<div class=\"wp-block-image\">\n<figure class=\"aligncenter\"><img loading=\"lazy\" width=\"2560\" height=\"1440\" src=\"https:\/\/skkoprivnice.cz\/wp-content\/uploads\/2023\/04\/VC-Ostravy-2023-scaled.jpg\" alt=\"\" class=\"wp-image-1684\" srcset=\"https:\/\/skkoprivnice.cz\/wp-content\/uploads\/2023\/04\/VC-Ostravy-2023-scaled.jpg 2560w, https:\/\/skkoprivnice.cz\/wp-content\/uploads\/2023\/04\/VC-Ostravy-2023-300x169.jpg 300w, https:\/\/skkoprivnice.cz\/wp-content\/uploads\/2023\/04\/VC-Ostravy-2023-1024x576.jpg 1024w, https:\/\/skkoprivnice.cz\/wp-content\/uploads\/2023\/04\/VC-Ostravy-2023-768x432.jpg 768w, https:\/\/skkoprivnice.cz\/wp-content\/uploads\/2023\/04\/VC-Ostravy-2023-1536x864.jpg 1536w, https:\/\/skkoprivnice.cz\/wp-content\/uploads\/2023\/04\/VC-Ostravy-2023-2048x1152.jpg 2048w\" sizes=\"(max-width: 2560px) 100vw, 2560px\" \/><\/figure><\/div>\n\n\n<h4><strong>Velk\u00e1 cena Olomouce 2023<\/strong><\/h4>\n\n\n\n<p>Sobota 25. 3. 2023 byla ve znamen\u00ed plaveck\u00fdch z\u00e1vod\u016f. Zat\u00edmco n\u011bkte\u0159\u00ed \u017e\u00e1ci a \u017ea\u010dky z\u00e1vodili na krajsk\u00fdch p\u0159eborech dlouh\u00fdch trat\u00ed v Opav\u011b, pro osm d\u011bv\u010dat zvolili tren\u00e9\u0159i meeting Velk\u00e1 cena Olomouce.<\/p>\n\n\n\n<p>Plavalo se na pades\u00e1timetrov\u00e9m baz\u00e9n\u011b stejn\u011b jako v&nbsp;Plzni. V\u0161echna d\u011bv\u010data state\u010dn\u011b bojovala a zaplavala si d\u016fle\u017eit\u00e9 \u010dasy pro kvalifikaci na M\u010cR. Celkem bylo poko\u0159eno osmn\u00e1ct osobn\u00edch rekord\u016f z&nbsp;dlouh\u00e9ho baz\u00e9nu.<\/p>\n\n\n\n<p>K&nbsp;p\u0159edveden\u00fdm v\u00fdkon\u016fm gratulujeme!<\/p>\n\n\n\n<p>V\u00fdsledky na\u0161ich plavc\u016f: <a href=\"https:\/\/skkoprivnice.cz\/wp-content\/uploads\/2023\/03\/vysledky_VC-Olomouce.pdf\">v\u00fdsledky_VC Olomouce<\/a><\/p>\n\n\n\n<p>Celkov\u00e9 v\u00fdsledky: <a href=\"https:\/\/skkoprivnice.cz\/wp-content\/uploads\/2023\/03\/Vysledky_VC_OL_2023.pdf\">Vysledky_VC_OL_2023<\/a><\/p>\n\n\n<div class=\"wp-block-image\">\n<figure class=\"aligncenter\"><img loading=\"lazy\" width=\"2560\" height=\"1920\" src=\"https:\/\/skkoprivnice.cz\/wp-content\/uploads\/2023\/04\/VC-Olomouc-2023-scaled.jpg\" alt=\"\" class=\"wp-image-1676\" srcset=\"https:\/\/skkoprivnice.cz\/wp-content\/uploads\/2023\/04\/VC-Olomouc-2023-scaled.jpg 2560w, https:\/\/skkoprivnice.cz\/wp-content\/uploads\/2023\/04\/VC-Olomouc-2023-300x225.jpg 300w, https:\/\/skkoprivnice.cz\/wp-content\/uploads\/2023\/04\/VC-Olomouc-2023-1024x768.jpg 1024w, https:\/\/skkoprivnice.cz\/wp-content\/uploads\/2023\/04\/VC-Olomouc-2023-768x576.jpg 768w, https:\/\/skkoprivnice.cz\/wp-content\/uploads\/2023\/04\/VC-Olomouc-2023-1536x1152.jpg 1536w, https:\/\/skkoprivnice.cz\/wp-content\/uploads\/2023\/04\/VC-Olomouc-2023-2048x1536.jpg 2048w\" sizes=\"(max-width: 2560px) 100vw, 2560px\" \/><\/figure><\/div>\n\n\n<h4><strong>Jarn\u00ed krajsk\u00fd p\u0159ebor \u017eactva na dlouh\u00fdch trat\u00edch 2023<\/strong><\/h4>\n\n\n\n<p>V&nbsp;sobotu 25. 3. 2023 se uskute\u010dnily krajsk\u00e9 p\u0159ebory \u017eactva na 800 a 1500 metr\u016f voln\u00fd zp\u016fsob. V&nbsp;Opav\u011b z\u00e1vodilo dev\u011bt kop\u0159ivnick\u00fdch plavc\u016f z&nbsp;ro\u010dn\u00edku narozen\u00ed 2009&nbsp;\u2013&nbsp;2012. T\u00e9m\u011b\u0159 v\u0161ichni si zaplavali osobn\u00ed rekord a cel\u00e1 v\u00fdprava p\u0159ivezla hned \u0161est medail\u00ed (2-2-2).<\/p>\n\n\n\n<p>K&nbsp;p\u0159edveden\u00fdm v\u00fdkon\u016fm gratulujeme!<\/p>\n\n\n\n<p>V\u00fdsledky na\u0161ich plac\u016f: <a href=\"https:\/\/skkoprivnice.cz\/wp-content\/uploads\/2023\/03\/vysledky_KPZ_dlouhe-trate.pdf\">v\u00fdsledky_KP\u017d_dlouh\u00e9 trat\u011b<\/a><\/p>\n\n\n\n<p>Celkov\u00e9 v\u00fdsledky: <a href=\"https:\/\/skkoprivnice.cz\/wp-content\/uploads\/2023\/03\/Vysledky_KP_DT_Jaro_2023.pdf\">Vysledky_KP_DT_Jaro_2023<\/a><\/p>\n\n\n<div class=\"wp-block-image\">\n<figure class=\"aligncenter\"><img loading=\"lazy\" width=\"1600\" height=\"1201\" src=\"https:\/\/skkoprivnice.cz\/wp-content\/uploads\/2023\/04\/KPZ-dlouhe-trate-2023.jpg\" alt=\"\" class=\"wp-image-1678\" srcset=\"https:\/\/skkoprivnice.cz\/wp-content\/uploads\/2023\/04\/KPZ-dlouhe-trate-2023.jpg 1600w, https:\/\/skkoprivnice.cz\/wp-content\/uploads\/2023\/04\/KPZ-dlouhe-trate-2023-300x225.jpg 300w, https:\/\/skkoprivnice.cz\/wp-content\/uploads\/2023\/04\/KPZ-dlouhe-trate-2023-1024x769.jpg 1024w, https:\/\/skkoprivnice.cz\/wp-content\/uploads\/2023\/04\/KPZ-dlouhe-trate-2023-768x576.jpg 768w, https:\/\/skkoprivnice.cz\/wp-content\/uploads\/2023\/04\/KPZ-dlouhe-trate-2023-1536x1153.jpg 1536w\" sizes=\"(max-width: 1600px) 100vw, 1600px\" \/><\/figure><\/div>\n\n\n<h4><strong>Plze\u0148sk\u00fd vytrvalec 2023<\/strong><\/h4>\n\n\n\n<p>Od p\u00e1tku 10. 3. do ned\u011ble 12. 3. 2023 z\u00e1vodila skupina star\u0161\u00edch \u017e\u00e1k\u016f a junior\u016f na pades\u00e1timetrov\u00e9m baz\u00e9n\u011b v&nbsp;Plzni.&nbsp; Do Plzn\u011b odjelo celkem 12 z\u00e1vodn\u00edk\u016f a na\u0161e v\u00fdprava tvo\u0159ila jednu z&nbsp;nejpo\u010detn\u011bj\u0161\u00edch na t\u011bchto z\u00e1vodech. V\u0161ichni bez v\u00fdjimky p\u0159edvedli v\u00fdborn\u00e9 v\u00fdkony a sklidili chv\u00e1lu obou tren\u00e9r\u016f. Byly poko\u0159eny t\u00e9m\u011b\u0159 v\u0161echny osobn\u00ed rekordy z&nbsp;dlouh\u00e9ho baz\u00e9nu, v\u00fdjimkou nebyly ani medailov\u00e1 um\u00edst\u011bn\u00ed.<\/p>\n\n\n\n<p>Dv\u011b bronzov\u00e9 medaile p\u0159ivezli Venda Schwarzov\u00e1 (200 VZ, 800 VZ) a Jirka Z\u00e1topek (200 M, 200 VZ). Po jedn\u00e9 pak Bar\u010da Jal\u016fvkov\u00e1 (1500 VZ) a Sam Schneiderka (200&nbsp;Z).<\/p>\n\n\n\n<p>Dv\u011b st\u0159\u00edbra vybojovala Venda Schwarzov\u00e1 (200 Z, 1500 VZ) a jedno p\u0159idala \u0160\u00e1rka Jadrn\u00ed\u010dkov\u00e1 (100 Z).<\/p>\n\n\n\n<p>A nejcenn\u011bj\u0161\u00ed kov z\u00edskali \u0160\u00e1rka Jadrn\u00ed\u010dkov\u00e1 (200 Z) a Jirka Z\u00e1topek (1500 VZ).<\/p>\n\n\n\n<p>Pozadu nez\u016fstali ani ostatn\u00ed a v\u0161echny p\u0159edveden\u00e9 v\u00fdkony nazna\u010duj\u00ed dobr\u00fd vstup do letn\u00ed sez\u00f3ny.<\/p>\n\n\n\n<p>K&nbsp;p\u0159edveden\u00fdm v\u00fdkon\u016fm blahop\u0159ejeme!<\/p>\n\n\n\n<p>V\u00fdsledky na\u0161ich plavc\u016f: <a href=\"https:\/\/skkoprivnice.cz\/wp-content\/uploads\/2023\/03\/Plzensky-vytrvalec-vysledky.pdf\">Plze\u0148sk\u00fd vytrvalec &#8211; v\u00fdsledky<\/a><\/p>\n\n\n\n<p>Celkov\u00e9 v\u00fdsledky: <a href=\"https:\/\/skkoprivnice.cz\/wp-content\/uploads\/2023\/03\/Vytrvalec2023_vysledky.pdf\">Vytrvalec2023_vysledky<\/a><\/p>\n\n\n<div class=\"wp-block-image\">\n<figure class=\"aligncenter\"><img loading=\"lazy\" width=\"2560\" height=\"1440\" src=\"https:\/\/skkoprivnice.cz\/wp-content\/uploads\/2023\/04\/Plzensky-vytrvalec-2023-scaled.jpg\" alt=\"\" class=\"wp-image-1679\" srcset=\"https:\/\/skkoprivnice.cz\/wp-content\/uploads\/2023\/04\/Plzensky-vytrvalec-2023-scaled.jpg 2560w, https:\/\/skkoprivnice.cz\/wp-content\/uploads\/2023\/04\/Plzensky-vytrvalec-2023-300x169.jpg 300w, https:\/\/skkoprivnice.cz\/wp-content\/uploads\/2023\/04\/Plzensky-vytrvalec-2023-1024x576.jpg 1024w, https:\/\/skkoprivnice.cz\/wp-content\/uploads\/2023\/04\/Plzensky-vytrvalec-2023-768x432.jpg 768w, https:\/\/skkoprivnice.cz\/wp-content\/uploads\/2023\/04\/Plzensky-vytrvalec-2023-1536x864.jpg 1536w, https:\/\/skkoprivnice.cz\/wp-content\/uploads\/2023\/04\/Plzensky-vytrvalec-2023-2048x1152.jpg 2048w\" sizes=\"(max-width: 2560px) 100vw, 2560px\" \/><\/figure><\/div>\n\n\n<h4><strong>Velk\u00e1 cena Opavy 2023<\/strong><\/h4>\n\n\n\n<p>V&nbsp;sobotu 11. 3. 2023 z\u00e1vodili nejmlad\u0161\u00ed plavci na z\u00e1vodech v&nbsp;Opav\u011b. Z&nbsp;na\u0161eho klubu se z\u00fa\u010dastnilo celkem p\u011bt chlapc\u016f a \u010dty\u0159i d\u00edvky, z&nbsp;nich\u017e pro n\u011bkter\u00e9 byly tyto z\u00e1vody premi\u00e9rou.<\/p>\n\n\n\n<p>V\u0161ichni si zaplavali \u010dty\u0159i pades\u00e1timetrov\u00e9 z\u00e1vody ve \u010dty\u0159ech r\u016fzn\u00fdch plaveck\u00fdch zp\u016fsobech. Nejlep\u0161\u00ed um\u00edst\u011bn\u00ed si vybojovala na 50 m voln\u00fd zp\u016fsob Nikol Vy\u0161kovsk\u00e1, kter\u00e1 skon\u010dila na druh\u00e9m m\u00edst\u011b. Tak\u00e9 na 50 m znak si z&nbsp;Opavy p\u0159ivezli bronzov\u00e9 medaile Nikol Vy\u0161kovsk\u00e1 a Ond\u0159ej Galia.<\/p>\n\n\n\n<p>V\u0161ichni state\u010dn\u011b z\u00e1vodili a z\u00edskali cenn\u00e9 zku\u0161enosti. Gratulujeme k&nbsp;v\u00fdsledk\u016fm, jen tak d\u00e1l!<\/p>\n\n\n\n<p>V\u00fdsledky na\u0161ich plavc\u016f: <a href=\"https:\/\/skkoprivnice.cz\/wp-content\/uploads\/2023\/03\/VC-Opavy-vysledky.pdf\">VC Opavy &#8211; v\u00fdsledky<\/a><\/p>\n\n\n\n<p>Celkov\u00e9 v\u00fdsledky: <a href=\"https:\/\/skkoprivnice.cz\/wp-content\/uploads\/2023\/03\/VcOpava2023_Final.pdf\">VcOpava2023_Final<\/a><\/p>\n\n\n<div class=\"wp-block-image\">\n<figure class=\"aligncenter\"><img loading=\"lazy\" width=\"2016\" height=\"1512\" src=\"https:\/\/skkoprivnice.cz\/wp-content\/uploads\/2023\/04\/VC-Opavy-2023.jpg\" alt=\"\" class=\"wp-image-1680\" srcset=\"https:\/\/skkoprivnice.cz\/wp-content\/uploads\/2023\/04\/VC-Opavy-2023.jpg 2016w, https:\/\/skkoprivnice.cz\/wp-content\/uploads\/2023\/04\/VC-Opavy-2023-300x225.jpg 300w, https:\/\/skkoprivnice.cz\/wp-content\/uploads\/2023\/04\/VC-Opavy-2023-1024x768.jpg 1024w, https:\/\/skkoprivnice.cz\/wp-content\/uploads\/2023\/04\/VC-Opavy-2023-768x576.jpg 768w, https:\/\/skkoprivnice.cz\/wp-content\/uploads\/2023\/04\/VC-Opavy-2023-1536x1152.jpg 1536w\" sizes=\"(max-width: 2016px) 100vw, 2016px\" \/><\/figure><\/div>\n\n\n<h4><strong>Semifin\u00e1le M\u010cR dru\u017estev 2023 &#8211; skupina B<\/strong><\/h4>\n\n\n\n<p>Do semifin\u00e1le dru\u017estev, kter\u00e9 se konalo o v\u00edkendu 25. \u2013 26.2.2023 na pades\u00e1timetrov\u00e9m baz\u00e9n\u011b ve Zl\u00edn\u011b, se probojovalo dru\u017estvo \u017een z&nbsp;SK Kop\u0159ivnice. Do Zl\u00edna odjely ve slo\u017een\u00ed Michaela Babincov\u00e1, Am\u00e1lie Dvo\u0159\u00e1kov\u00e1, Nikola Chovane\u010dkov\u00e1, \u0160\u00e1rka Jadrn\u00ed\u010dkov\u00e1, Barbora Jal\u016fvkov\u00e1, Ad\u00e9la Ka\u0161p\u00e1rkov\u00e1, Nelly Sudov\u00e1 a Vendula Schwarzov\u00e1.<\/p>\n\n\n\n<p>Zaplavaly si nov\u00e9 osobn\u00ed rekordy a posb\u00edraly soustu nov\u00fdch zku\u0161enost\u00ed. V&nbsp;celkov\u00e9m hodnocen\u00ed dok\u00e1zaly z\u00edskat 11724 FINA bod\u016f, \u010d\u00edm\u017e si zajistily skv\u011bl\u00e9 13. m\u00edsto.<\/p>\n\n\n\n<p>Gratulujeme k&nbsp;v\u00fdsledk\u016fm a d\u011bkujeme za reprezentaci klubu!<\/p>\n\n\n\n<p>V\u00fdsledky: <a href=\"https:\/\/skkoprivnice.cz\/wp-content\/uploads\/2023\/03\/Bodove_vykony_klubu_final.pdf\">Bodov\u00e9_v\u00fdkony_klub\u016f_final<\/a><\/p>\n\n\n<div class=\"wp-block-image\">\n<figure class=\"aligncenter\"><img loading=\"lazy\" width=\"2560\" height=\"1921\" src=\"https:\/\/skkoprivnice.cz\/wp-content\/uploads\/2023\/04\/2.-kolo-druzstev-Zlin-2023-scaled.jpg\" alt=\"\" class=\"wp-image-1681\" srcset=\"https:\/\/skkoprivnice.cz\/wp-content\/uploads\/2023\/04\/2.-kolo-druzstev-Zlin-2023-scaled.jpg 2560w, https:\/\/skkoprivnice.cz\/wp-content\/uploads\/2023\/04\/2.-kolo-druzstev-Zlin-2023-300x225.jpg 300w, https:\/\/skkoprivnice.cz\/wp-content\/uploads\/2023\/04\/2.-kolo-druzstev-Zlin-2023-1024x768.jpg 1024w, https:\/\/skkoprivnice.cz\/wp-content\/uploads\/2023\/04\/2.-kolo-druzstev-Zlin-2023-768x576.jpg 768w, https:\/\/skkoprivnice.cz\/wp-content\/uploads\/2023\/04\/2.-kolo-druzstev-Zlin-2023-1536x1152.jpg 1536w, https:\/\/skkoprivnice.cz\/wp-content\/uploads\/2023\/04\/2.-kolo-druzstev-Zlin-2023-2048x1537.jpg 2048w\" sizes=\"(max-width: 2560px) 100vw, 2560px\" \/><\/figure><\/div>\n\n\n<h4><strong>M\u010cR dru\u017estev 2023 &#8211; 1. kolo<\/strong><\/h4>\n\n\n\n<p>V nov\u00e9m roce 2023 jsme se z\u00fa\u010dastnili prvn\u00edho kola M\u010cR dru\u017estev v Nov\u00e9m Ji\u010d\u00edn\u011b. Kop\u0159ivnick\u00fd klub dok\u00e1zal poskl\u00e1dat celkem dv\u011b dru\u017estva, jedno d\u00edv\u010d\u00ed a jedno chlapeck\u00e9. V pom\u011brn\u011b nabit\u00e9 konkurenci se d\u011bv\u010data um\u00edstila celkov\u011b na kr\u00e1sn\u00e9m \u010dtvrt\u00e9m m\u00edst\u011b. Chlapci pak skon\u010dili osm\u00ed s druh\u00fdm nejni\u017e\u0161\u00edm v\u011bkov\u00fdm pr\u016fm\u011brem. Celkem se z\u00e1vod\u016f z\u00fa\u010dastnilo jeden\u00e1ct d\u011bv\u010dat a dev\u011bt chlapc\u016f.<\/p>\n\n\n\n<p>V\u0161em plavc\u016fm d\u011bkujeme za p\u0159edveden\u00e9 v\u00fdkony a reprezentaci klubu.<\/p>\n\n\n\n<p>V\u00fdsledky: <a href=\"https:\/\/skkoprivnice.cz\/wp-content\/uploads\/2023\/01\/vysledky-druzstva.pdf\">v\u00fdsledky dru\u017estva<\/a>, <a href=\"https:\/\/skkoprivnice.cz\/wp-content\/uploads\/2023\/01\/Bodove_vykony_klubu_FINAL.pdf\">Bodov\u00e9_v\u00fdkony_klub\u016f_FINAL<\/a><\/p>\n\n\n\n<p class=\"has-text-align-center\"><img loading=\"lazy\" width=\"2560\" height=\"1920\" class=\"wp-image-1605\" style=\"width: 2560px;\" src=\"https:\/\/skkoprivnice.cz\/wp-content\/uploads\/2023\/01\/IMG_3931-scaled.jpg\" alt=\"\" srcset=\"https:\/\/skkoprivnice.cz\/wp-content\/uploads\/2023\/01\/IMG_3931-scaled.jpg 2560w, https:\/\/skkoprivnice.cz\/wp-content\/uploads\/2023\/01\/IMG_3931-300x225.jpg 300w, https:\/\/skkoprivnice.cz\/wp-content\/uploads\/2023\/01\/IMG_3931-1024x768.jpg 1024w, https:\/\/skkoprivnice.cz\/wp-content\/uploads\/2023\/01\/IMG_3931-768x576.jpg 768w, https:\/\/skkoprivnice.cz\/wp-content\/uploads\/2023\/01\/IMG_3931-1536x1152.jpg 1536w, https:\/\/skkoprivnice.cz\/wp-content\/uploads\/2023\/01\/IMG_3931-2048x1536.jpg 2048w\" sizes=\"(max-width: 2560px) 100vw, 2560px\" \/><\/p>\n","protected":false},"excerpt":{"rendered":"<p>Zimn\u00ed M\u010cR dosp\u011bl\u00fdch a junior\u016f 2023 Od \u010dtvrtku 14. do ned\u011ble 17. 12. 2023 prob\u011bhlo v Plzni Mistrovstv\u00ed \u010cesk\u00e9 republiky<\/p>\n","protected":false},"author":1,"featured_media":0,"parent":25,"menu_order":0,"comment_status":"closed","ping_status":"closed","template":"","meta":[],"_links":{"self":[{"href":"https:\/\/skkoprivnice.cz\/index.php?rest_route=\/wp\/v2\/pages\/2001"}],"collection":[{"href":"https:\/\/skkoprivnice.cz\/index.php?rest_route=\/wp\/v2\/pages"}],"about":[{"href":"https:\/\/skkoprivnice.cz\/index.php?rest_route=\/wp\/v2\/types\/page"}],"author":[{"embeddable":true,"href":"https:\/\/skkoprivnice.cz\/index.php?rest_route=\/wp\/v2\/users\/1"}],"replies":[{"embeddable":true,"href":"https:\/\/skkoprivnice.cz\/index.php?rest_route=%2Fwp%2Fv2%2Fcomments&post=2001"}],"version-history":[{"count":2,"href":"https:\/\/skkoprivnice.cz\/index.php?rest_route=\/wp\/v2\/pages\/2001\/revisions"}],"predecessor-version":[{"id":2012,"href":"https:\/\/skkoprivnice.cz\/index.php?rest_route=\/wp\/v2\/pages\/2001\/revisions\/2012"}],"up":[{"embeddable":true,"href":"https:\/\/skkoprivnice.cz\/index.php?rest_route=\/wp\/v2\/pages\/25"}],"wp:attachment":[{"href":"https:\/\/skkoprivnice.cz\/index.php?rest_route=%2Fwp%2Fv2%2Fmedia&parent=2001"}],"curies":[{"name":"wp","href":"https:\/\/api.w.org\/{rel}","templated":true}]}}